{"id":216,"date":"2017-11-18T17:36:34","date_gmt":"2017-11-18T17:36:34","guid":{"rendered":"https:\/\/www.matheishof-ruhpolding.de\/?page_id=216"},"modified":"2023-06-22T07:30:29","modified_gmt":"2023-06-22T07:30:29","slug":"erlebniswelt-bauernhof","status":"publish","type":"page","link":"https:\/\/www.matheishof-ruhpolding.de\/index.php\/erlebniswelt-bauernhof\/","title":{"rendered":"Erlebniswelt Bauernhof"},"content":{"rendered":"<p>Unseren Bauern\u00adhof f\u00fchren wir in etwa so, wie es bei uns in den Bergen fr\u00fcher viele H\u00f6fe gab. Kleine Fam\u00adi\u00adlien\u00adbe\u00adtriebe mit 2 bis max\u00adi\u00admal 20 Milchk\u00fche, im Som\u00admer Wei\u00adde\u00adgang oder auf den Almen, H\u00f6fe mit \u00fcber\u00adschaubaren Her\u00adden, die fast schon zu Familemit\u00adgliedern z\u00e4hlten.<\/p>\n<p>Die Zeit\u00aden haben sich ge\u00e4n\u00addert: unrentabel , Beruf\u00adswun\u00adsch, teuere Maschi\u00adnen,\u2026 , haben unter anderem dazu gef\u00fchrt das viele ihre H\u00f6fe auf\u00adgaben , die Felder ver\u00adpachteten und lieber in die Arbeit gin\u00adgen, mit sicheren Verdienst.<\/p>\n<p>Wir habe bis jet\u00adzt noch nicht aufgegeben und bewirtschaften unsere umliegen\u00adden Wiesen sel\u00adber. F\u00fcr uns undenkbar, 5 oder 6 Mah\u00adden im Jahr, mit G\u00fcl\u00adleaus\u00adbringung oder gar chemis\u00adche Bewirtschaftung.<\/p>\n<p>Deshalb haben wir auch im Jahr 2009 auch auf \u201d Bio\u201d umgestellt und sind seit\u00addem stolz\u00ader Tr\u00e4ger der Deme\u00adter-Plakette. Unsere durch\u00adschnit\u00adtlich 11 Milchk\u00fche wer\u00adden mor\u00adgens und abends von unseren umliegen\u00adden Wiesen geholt und dann im Stall von uns gemolken. Haben sie schon ein\u00admal beim Melken zugeschaut? Bei uns sehen und erleben sie, wie unsere K\u00fche leben und wie aus Gras Milch wird. Mmmh, jeden Mor\u00adgen frische Milch zum Fr\u00fchst\u00fcck!&nbsp;<\/p>\n<p>Unsere Melkro\u00adbot\u00ader tra\u00adgen Gum\u00admistiefel Gr\u00f6\u00dfe 38 oder 43! Da k\u00f6n\u00adnen sie nachschauen!<\/p>\n<p>Im Win\u00adter sind unsere Tiere haupt\u00ads\u00e4ch\u00adlich im Stall. Wenn das Wet\u00adter passt, d\u00fcr\u00adfen Sie raus, und im Freilauf frische Luft und sich bewe\u00adgen. Da ist Well\u00adness ange\u00adsagt: Die elek\u00adtrische Kuh\u00adb\u00fcrste benutzen unsere Tiere aus\u00adgiebig!&nbsp;&nbsp;&nbsp;&nbsp;&nbsp;&nbsp;&nbsp;&nbsp;&nbsp;&nbsp;&nbsp;&nbsp;&nbsp;&nbsp;&nbsp;&nbsp;&nbsp;&nbsp;&nbsp;&nbsp;&nbsp;&nbsp;&nbsp;&nbsp;&nbsp;&nbsp;&nbsp;&nbsp;&nbsp;&nbsp;&nbsp;&nbsp;&nbsp;&nbsp;&nbsp;&nbsp;&nbsp;&nbsp;&nbsp;&nbsp;&nbsp;&nbsp;&nbsp;&nbsp;&nbsp;&nbsp;&nbsp;&nbsp;&nbsp;&nbsp;&nbsp;&nbsp;&nbsp;&nbsp;&nbsp;&nbsp;&nbsp;&nbsp;&nbsp;&nbsp;&nbsp;&nbsp;&nbsp;&nbsp;&nbsp;&nbsp;&nbsp;&nbsp;&nbsp;&nbsp;&nbsp;&nbsp;&nbsp;&nbsp;&nbsp;&nbsp;&nbsp;&nbsp;&nbsp;&nbsp;&nbsp;&nbsp;&nbsp;&nbsp; Sehr gerne gehen Sie dann wieder zufrieden in den war\u00admen&nbsp;Stall.<\/p>\n<p>Manche Kinder fra\u00adgen uns erstaunt: Sind das alle Stiere? (U<em>nsere K\u00fche haben noch ihre nat\u00fcr\u00adlichen H\u00f6rn\u00ader.) <\/em>Gerne kl\u00e4ren wir unsere gro\u00dfen und kleinen G\u00e4ste&nbsp;auf!<\/p>\n<p>Haben sie schon ein\u00admal die nasse, raue Zunge eines leck\u00adenden Kalbes gesp\u00fcrt? Ein unvergesslich\u00ades und kitzeliges Gef\u00fchl! Unsere Tiere freuen sich auf ein paar Stre\u00adichelein\u00adheit\u00aden von&nbsp;Ihnen!&nbsp;<\/p>\n\n\n<figure class=\"wp-block-gallery has-nested-images columns-default is-cropped wp-block-gallery-1 is-layout-flex\">\n<figure class=\"wp-block-image size-large\"><img decoding=\"async\" loading=\"lazy\" width=\"250\" height=\"333\" data-id=\"640\" src=\"https:\/\/www.matheishof-ruhpolding.de\/wp-content\/uploads\/2022\/03\/20210607_165605.jpg\" alt class=\"wp-image-640\" srcset=\"https:\/\/www.matheishof-ruhpolding.de\/wp-content\/uploads\/2022\/03\/20210607_165605.jpg 250w, https:\/\/www.matheishof-ruhpolding.de\/wp-content\/uploads\/2022\/03\/20210607_165605-225x300.jpg 225w\" sizes=\"(max-width: 250px) 100vw, 250px\"><figcaption class=\"wp-element-caption\">Besuch beim K\u00e4lbchen<\/figcaption><\/figure>\n\n\n\n<figure class=\"wp-block-image size-large\"><img decoding=\"async\" loading=\"lazy\" width=\"1024\" height=\"683\" data-id=\"636\" src=\"https:\/\/www.matheishof-ruhpolding.de\/wp-content\/uploads\/2022\/03\/DSC_0075-1024x683.jpg\" alt class=\"wp-image-636\" srcset=\"https:\/\/www.matheishof-ruhpolding.de\/wp-content\/uploads\/2022\/03\/DSC_0075-1024x683.jpg 1024w, https:\/\/www.matheishof-ruhpolding.de\/wp-content\/uploads\/2022\/03\/DSC_0075-300x200.jpg 300w, https:\/\/www.matheishof-ruhpolding.de\/wp-content\/uploads\/2022\/03\/DSC_0075-768x512.jpg 768w, https:\/\/www.matheishof-ruhpolding.de\/wp-content\/uploads\/2022\/03\/DSC_0075.jpg 1440w\" sizes=\"(max-width: 1024px) 100vw, 1024px\"><figcaption class=\"wp-element-caption\">unser K\u00e4l\u00adbchen ist&nbsp;da<\/figcaption><\/figure>\n\n\n\n<figure class=\"wp-block-image size-large\"><img decoding=\"async\" loading=\"lazy\" width=\"768\" height=\"1024\" data-id=\"637\" src=\"https:\/\/www.matheishof-ruhpolding.de\/wp-content\/uploads\/2022\/03\/20210607_164422-768x1024.jpg\" alt class=\"wp-image-637\" srcset=\"https:\/\/www.matheishof-ruhpolding.de\/wp-content\/uploads\/2022\/03\/20210607_164422-768x1023.jpg 768w, https:\/\/www.matheishof-ruhpolding.de\/wp-content\/uploads\/2022\/03\/20210607_164422-225x300.jpg 225w, https:\/\/www.matheishof-ruhpolding.de\/wp-content\/uploads\/2022\/03\/20210607_164422.jpg 833w\" sizes=\"(max-width: 768px) 100vw, 768px\"><figcaption class=\"wp-element-caption\">melken im&nbsp;Stall<\/figcaption><\/figure>\n\n\n\n<figure class=\"wp-block-image size-large\"><img decoding=\"async\" loading=\"lazy\" width=\"768\" height=\"1024\" data-id=\"635\" src=\"https:\/\/www.matheishof-ruhpolding.de\/wp-content\/uploads\/2022\/03\/20210608_183333-768x1024.jpg\" alt class=\"wp-image-635\" srcset=\"https:\/\/www.matheishof-ruhpolding.de\/wp-content\/uploads\/2022\/03\/20210608_183333-768x1023.jpg 768w, https:\/\/www.matheishof-ruhpolding.de\/wp-content\/uploads\/2022\/03\/20210608_183333-225x300.jpg 225w, https:\/\/www.matheishof-ruhpolding.de\/wp-content\/uploads\/2022\/03\/20210608_183333.jpg 833w\" sizes=\"(max-width: 768px) 100vw, 768px\"><\/figure>\n\n\n\n<figure class=\"wp-block-image size-large\"><img decoding=\"async\" loading=\"lazy\" width=\"625\" height=\"833\" data-id=\"631\" src=\"https:\/\/www.matheishof-ruhpolding.de\/wp-content\/uploads\/2022\/03\/20210608_183210.jpg\" alt class=\"wp-image-631\" srcset=\"https:\/\/www.matheishof-ruhpolding.de\/wp-content\/uploads\/2022\/03\/20210608_183210.jpg 625w, https:\/\/www.matheishof-ruhpolding.de\/wp-content\/uploads\/2022\/03\/20210608_183210-225x300.jpg 225w\" sizes=\"(max-width: 625px) 100vw, 625px\"><figcaption class=\"wp-element-caption\">unser Gock\u00adel Charly<\/figcaption><\/figure>\n\n\n\n<figure class=\"wp-block-image size-large\"><img decoding=\"async\" loading=\"lazy\" width=\"1024\" height=\"768\" data-id=\"630\" src=\"https:\/\/www.matheishof-ruhpolding.de\/wp-content\/uploads\/2022\/03\/UnserKraftplatz-1024x768.jpg\" alt class=\"wp-image-630\" srcset=\"https:\/\/www.matheishof-ruhpolding.de\/wp-content\/uploads\/2022\/03\/UnserKraftplatz-1024x768.jpg 1024w, https:\/\/www.matheishof-ruhpolding.de\/wp-content\/uploads\/2022\/03\/UnserKraftplatz-300x225.jpg 300w, https:\/\/www.matheishof-ruhpolding.de\/wp-content\/uploads\/2022\/03\/UnserKraftplatz-768x576.jpg 768w, https:\/\/www.matheishof-ruhpolding.de\/wp-content\/uploads\/2022\/03\/UnserKraftplatz-1536x1152.jpg 1536w, https:\/\/www.matheishof-ruhpolding.de\/wp-content\/uploads\/2022\/03\/UnserKraftplatz.jpg 2000w\" sizes=\"(max-width: 1024px) 100vw, 1024px\"><figcaption class=\"wp-element-caption\">unsere Wiesen<\/figcaption><\/figure>\n\n\n\n<figure class=\"wp-block-image size-large\"><img decoding=\"async\" loading=\"lazy\" width=\"1024\" height=\"768\" data-id=\"577\" src=\"https:\/\/www.matheishof-ruhpolding.de\/wp-content\/uploads\/2021\/12\/Huehnerauslauf-2-1024x768.jpg\" alt class=\"wp-image-577\" srcset=\"https:\/\/www.matheishof-ruhpolding.de\/wp-content\/uploads\/2021\/12\/Huehnerauslauf-2-1024x768.jpg 1024w, https:\/\/www.matheishof-ruhpolding.de\/wp-content\/uploads\/2021\/12\/Huehnerauslauf-2-300x225.jpg 300w, https:\/\/www.matheishof-ruhpolding.de\/wp-content\/uploads\/2021\/12\/Huehnerauslauf-2-768x576.jpg 768w, https:\/\/www.matheishof-ruhpolding.de\/wp-content\/uploads\/2021\/12\/Huehnerauslauf-2-1536x1152.jpg 1536w, https:\/\/www.matheishof-ruhpolding.de\/wp-content\/uploads\/2021\/12\/Huehnerauslauf-2-2048x1536.jpg 2048w\" sizes=\"(max-width: 1024px) 100vw, 1024px\"><figcaption class=\"wp-element-caption\">das H\u00fch\u00adn\u00aderre\u00adich<\/figcaption><\/figure>\n\n\n\n<figure class=\"wp-block-image size-large\"><img decoding=\"async\" loading=\"lazy\" width=\"1024\" height=\"768\" data-id=\"629\" src=\"https:\/\/www.matheishof-ruhpolding.de\/wp-content\/uploads\/2022\/03\/KoimamitSimon-1024x768.jpg\" alt class=\"wp-image-629\" srcset=\"https:\/\/www.matheishof-ruhpolding.de\/wp-content\/uploads\/2022\/03\/KoimamitSimon-1024x768.jpg 1024w, https:\/\/www.matheishof-ruhpolding.de\/wp-content\/uploads\/2022\/03\/KoimamitSimon-300x225.jpg 300w, https:\/\/www.matheishof-ruhpolding.de\/wp-content\/uploads\/2022\/03\/KoimamitSimon-768x576.jpg 768w, https:\/\/www.matheishof-ruhpolding.de\/wp-content\/uploads\/2022\/03\/KoimamitSimon-1536x1152.jpg 1536w, https:\/\/www.matheishof-ruhpolding.de\/wp-content\/uploads\/2022\/03\/KoimamitSimon.jpg 1672w\" sizes=\"(max-width: 1024px) 100vw, 1024px\"><figcaption class=\"wp-element-caption\">Besuch beim Jungvieh<\/figcaption><\/figure>\n<\/figure>\n\n\n\n<figure class=\"wp-block-gallery has-nested-images columns-default is-cropped wp-block-gallery-3 is-layout-flex\">\n<figure class=\"wp-block-image size-large\"><img decoding=\"async\" loading=\"lazy\" width=\"1024\" height=\"768\" data-id=\"224\" src=\"https:\/\/www.matheishof-ruhpolding.de\/wp-content\/uploads\/2017\/11\/Fr\u00fchjahr2013-015-1024x768.jpg\" alt class=\"wp-image-224\" srcset=\"https:\/\/www.matheishof-ruhpolding.de\/wp-content\/uploads\/2017\/11\/Fr\u00fchjahr2013-015.jpg 1024w, https:\/\/www.matheishof-ruhpolding.de\/wp-content\/uploads\/2017\/11\/Fr\u00fchjahr2013-015-300x225.jpg 300w, https:\/\/www.matheishof-ruhpolding.de\/wp-content\/uploads\/2017\/11\/Fr\u00fchjahr2013-015-768x576.jpg 768w\" sizes=\"(max-width: 1024px) 100vw, 1024px\"><figcaption class=\"wp-element-caption\">Unser Koima auf der&nbsp;Wiese<\/figcaption><\/figure>\n\n\n\n<figure class=\"wp-block-image size-large\"><img decoding=\"async\" loading=\"lazy\" width=\"1024\" height=\"768\" data-id=\"225\" src=\"https:\/\/www.matheishof-ruhpolding.de\/wp-content\/uploads\/2017\/11\/Fr\u00fchjahrSommer14-117-1024x768.jpg\" alt class=\"wp-image-225\" srcset=\"https:\/\/www.matheishof-ruhpolding.de\/wp-content\/uploads\/2017\/11\/Fr\u00fchjahrSommer14-117-1024x768.jpg 1024w, https:\/\/www.matheishof-ruhpolding.de\/wp-content\/uploads\/2017\/11\/Fr\u00fchjahrSommer14-117-300x225.jpg 300w, https:\/\/www.matheishof-ruhpolding.de\/wp-content\/uploads\/2017\/11\/Fr\u00fchjahrSommer14-117-768x576.jpg 768w\" sizes=\"(max-width: 1024px) 100vw, 1024px\"><figcaption class=\"wp-element-caption\">Bel\u00adla schaut was los&nbsp;ist!<\/figcaption><\/figure>\n\n\n\n<figure class=\"wp-block-image size-large\"><img decoding=\"async\" loading=\"lazy\" width=\"640\" height=\"480\" data-id=\"223\" src=\"https:\/\/www.matheishof-ruhpolding.de\/wp-content\/uploads\/2017\/11\/Fotos-2013OktDez-002.jpg\" alt class=\"wp-image-223\" srcset=\"https:\/\/www.matheishof-ruhpolding.de\/wp-content\/uploads\/2017\/11\/Fotos-2013OktDez-002.jpg 640w, https:\/\/www.matheishof-ruhpolding.de\/wp-content\/uploads\/2017\/11\/Fotos-2013OktDez-002-300x225.jpg 300w\" sizes=\"(max-width: 640px) 100vw, 640px\"><figcaption class=\"wp-element-caption\">Schwal\u00adben f\u00fchlen sich in unserm Stall&nbsp;wohl<\/figcaption><\/figure>\n\n\n\n<figure class=\"wp-block-image size-large\"><img decoding=\"async\" loading=\"lazy\" width=\"517\" height=\"387\" data-id=\"98\" src=\"https:\/\/www.matheishof-ruhpolding.de\/wp-content\/uploads\/2017\/05\/Kuehe-im-Stall.jpg\" alt class=\"wp-image-98\" srcset=\"https:\/\/www.matheishof-ruhpolding.de\/wp-content\/uploads\/2017\/05\/Kuehe-im-Stall.jpg 517w, https:\/\/www.matheishof-ruhpolding.de\/wp-content\/uploads\/2017\/05\/Kuehe-im-Stall-300x225.jpg 300w\" sizes=\"(max-width: 517px) 100vw, 517px\"><figcaption class=\"wp-element-caption\">Zum Melken kom\u00admen die K\u00fche in den&nbsp;Stall<\/figcaption><\/figure>\n\n\n\n<figure class=\"wp-block-image size-large\"><img decoding=\"async\" loading=\"lazy\" width=\"490\" height=\"326\" data-id=\"79\" src=\"https:\/\/www.matheishof-ruhpolding.de\/wp-content\/uploads\/2017\/05\/Bulldogfahrer.jpg\" alt class=\"wp-image-79\" srcset=\"https:\/\/www.matheishof-ruhpolding.de\/wp-content\/uploads\/2017\/05\/Bulldogfahrer.jpg 490w, https:\/\/www.matheishof-ruhpolding.de\/wp-content\/uploads\/2017\/05\/Bulldogfahrer-300x200.jpg 300w\" sizes=\"(max-width: 490px) 100vw, 490px\"><figcaption class=\"wp-element-caption\">Unser Fendt Bullei im Einsatz!<\/figcaption><\/figure>\n\n\n\n<figure class=\"wp-block-image size-large\"><img decoding=\"async\" loading=\"lazy\" width=\"490\" height=\"367\" data-id=\"73\" src=\"https:\/\/www.matheishof-ruhpolding.de\/wp-content\/uploads\/2017\/05\/2011-Fotos-035.jpg\" alt class=\"wp-image-73\" srcset=\"https:\/\/www.matheishof-ruhpolding.de\/wp-content\/uploads\/2017\/05\/2011-Fotos-035.jpg 490w, https:\/\/www.matheishof-ruhpolding.de\/wp-content\/uploads\/2017\/05\/2011-Fotos-035-300x225.jpg 300w\" sizes=\"(max-width: 490px) 100vw, 490px\"><figcaption class=\"wp-element-caption\">Vom Fr\u00fch\u00adjahr bis Dezem\u00adber immer draussen<\/figcaption><\/figure>\n<\/figure>\n","protected":false},"excerpt":{"rendered":"<p>Unseren Bauern\u00adhof f\u00fchren wir in etwa so, wie es bei uns in den Bergen fr\u00fcher viele H\u00f6fe gab. Kleine Fam\u00adi\u00adlien\u00adbe\u00adtriebe mit 2 bis max\u00adi\u00admal 20 Milchk\u00fche, im Som\u00admer Wei\u00adde\u00adgang oder auf den Almen, H\u00f6fe mit \u00fcber\u00adschaubaren Her\u00adden, die fast schon \u2026 <a href=\"https:\/\/www.matheishof-ruhpolding.de\/index.php\/erlebniswelt-bauernhof\/\">Weit\u00ader\u00adlesen <span class=\"meta-nav\">\u2192<\/span><\/a><\/p>\n","protected":false},"author":1,"featured_media":0,"parent":0,"menu_order":0,"comment_status":"closed","ping_status":"closed","template":"","meta":{"wp_typography_post_enhancements_disabled":false},"_links":{"self":[{"href":"https:\/\/www.matheishof-ruhpolding.de\/index.php\/wp-json\/wp\/v2\/pages\/216"}],"collection":[{"href":"https:\/\/www.matheishof-ruhpolding.de\/index.php\/wp-json\/wp\/v2\/pages"}],"about":[{"href":"https:\/\/www.matheishof-ruhpolding.de\/index.php\/wp-json\/wp\/v2\/types\/page"}],"author":[{"embeddable":true,"href":"https:\/\/www.matheishof-ruhpolding.de\/index.php\/wp-json\/wp\/v2\/users\/1"}],"replies":[{"embeddable":true,"href":"https:\/\/www.matheishof-ruhpolding.de\/index.php\/wp-json\/wp\/v2\/comments?post=216"}],"version-history":[{"count":12,"href":"https:\/\/www.matheishof-ruhpolding.de\/index.php\/wp-json\/wp\/v2\/pages\/216\/revisions"}],"predecessor-version":[{"id":655,"href":"https:\/\/www.matheishof-ruhpolding.de\/index.php\/wp-json\/wp\/v2\/pages\/216\/revisions\/655"}],"wp:attachment":[{"href":"https:\/\/www.matheishof-ruhpolding.de\/index.php\/wp-json\/wp\/v2\/media?parent=216"}],"curies":[{"name":"wp","href":"https:\/\/api.w.org\/{rel}","templated":true}]}}