{"id":302,"date":"2018-05-22T16:35:29","date_gmt":"2018-05-22T16:35:29","guid":{"rendered":"https:\/\/www.matheishof-ruhpolding.de\/?page_id=302"},"modified":"2018-05-22T16:35:29","modified_gmt":"2018-05-22T16:35:29","slug":"datenschutz","status":"publish","type":"page","link":"https:\/\/www.matheishof-ruhpolding.de\/index.php\/datenschutz\/","title":{"rendered":"Datenschutz"},"content":{"rendered":"<h4 style=\"margin: 0px 0px 20px; padding: 0px; border: 0px currentColor; color: #333333; text-transform: none; line-height: 1.4; text-indent: 0px; letter-spacing: normal; font-family: -apple-system, BlinkMacSystemFont, 'Segoe UI', Roboto, 'Helvetica Neue', Arial, sans-serif; font-size: 16px; font-style: normal; font-weight: 400; word-spacing: 0px; vertical-align: baseline; white-space: normal; orphans: 2; widows: 2; font-stretch: inherit; background-color: #ffffff; font-variant-ligatures: normal; font-variant-caps: normal; font-variant-numeric: inherit; font-variant-east-asian: inherit; -webkit-text-stroke-width: 0px; text-decoration-style: initial; text-decoration-color: initial;\">Datenschutzerkl\u00e4rung<\/h4>\n<p>Wir freuen uns sehr \u00fcber Ihr Inter\u00adesse an unserem Unternehmen. Daten\u00adschutz hat einen beson\u00adders hohen Stel\u00adlen\u00adwert f\u00fcr die Gesch\u00e4ft\u00adsleitung der Fam\u00adi\u00adlie Lisa und Valentin Kecht. Eine Nutzung der Inter\u00adnet\u00adseit\u00aden der Fam\u00adi\u00adlie Lisa und Valentin Kecht ist grund\u00ads\u00e4t\u00adzlich ohne jede Angabe per\u00adso\u00adn\u00aden\u00adbe\u00adzo\u00adgen\u00ader Dat\u00aden m\u00f6glich. Sofern eine betrof\u00adfene Per\u00adson beson\u00addere Ser\u00advices unseres Unternehmens \u00fcber unsere Inter\u00adnet\u00adseite in Anspruch nehmen m\u00f6chte, k\u00f6n\u00adnte jedoch eine Ver\u00adar\u00adbeitung per\u00adso\u00adn\u00aden\u00adbe\u00adzo\u00adgen\u00ader Dat\u00aden erforder\u00adlich wer\u00adden. Ist die Ver\u00adar\u00adbeitung per\u00adso\u00adn\u00aden\u00adbe\u00adzo\u00adgen\u00ader Dat\u00aden erforder\u00adlich und beste\u00adht f\u00fcr eine solche Ver\u00adar\u00adbeitung keine geset\u00adzliche Grund\u00adlage, holen wir generell eine Ein\u00adwilli\u00adgung der betrof\u00adfe\u00adnen Per\u00adson&nbsp;ein.<\/p>\n<p>Die Ver\u00adar\u00adbeitung per\u00adso\u00adn\u00aden\u00adbe\u00adzo\u00adgen\u00ader Dat\u00aden, beispiel\u00adsweise des Namens, der Anschrift, E\u2011Mail-Adresse oder Tele\u00adfon\u00adnum\u00admer ein\u00ader betrof\u00adfe\u00adnen Per\u00adson, erfol\u00adgt stets im Ein\u00adklang mit der Daten\u00adschutz-Grund\u00adverord\u00adnung und in \u00dcbere\u00adin\u00adstim\u00admung mit den f\u00fcr die Fam\u00adi\u00adlie Lisa und Valentin Kecht gel\u00adtenden lan\u00addesspez\u00adi\u00adfis\u00adchen Daten\u00adschutzbes\u00adtim\u00admungen. Mit\u00adtels dieser Daten\u00adschutzerk\u00adl\u00e4rung m\u00f6chte unser Unternehmen die \u00d6ffentlichkeit \u00fcber Art, Umfang und Zweck der von uns erhobe\u00adnen, genutzten und ver\u00adar\u00adbeit\u00adeten per\u00adso\u00adn\u00aden\u00adbe\u00adzo\u00adge\u00adnen Dat\u00aden informieren. Fern\u00ader wer\u00adden betrof\u00adfene Per\u00adso\u00adn\u00aden mit\u00adtels dieser Daten\u00adschutzerk\u00adl\u00e4rung \u00fcber die ihnen zuste\u00adhen\u00adden Rechte aufgekl\u00e4rt.<\/p>\n<p>Die Fam\u00adi\u00adlie Lisa und Valentin Kecht hat als f\u00fcr die Ver\u00adar\u00adbeitung Ver\u00adant\u00adwortlich\u00ader zahlre\u00adiche tech\u00adnis\u00adche und organ\u00adisatorische Ma\u00df\u00adnah\u00admen umge\u00adset\u00adzt, um einen m\u00f6glichst l\u00fcck\u00aden\u00adlosen Schutz der \u00fcber diese Inter\u00adnet\u00adseite ver\u00adar\u00adbeit\u00adeten per\u00adso\u00adn\u00aden\u00adbe\u00adzo\u00adge\u00adnen Dat\u00aden sicherzustellen. Den\u00adnoch k\u00f6n\u00adnen Inter\u00adnet\u00adbasierte Daten\u00fcber\u00adtra\u00adgun\u00adgen grund\u00ads\u00e4t\u00adzlich Sicher\u00adheit\u00adsl\u00fcck\u00aden aufweisen, sodass ein absoluter Schutz nicht gew\u00e4hrleis\u00adtet wer\u00adden kann. Aus diesem Grund ste\u00adht es jed\u00ader betrof\u00adfe\u00adnen Per\u00adson frei, per\u00adso\u00adn\u00aden\u00adbe\u00adzo\u00adgene Dat\u00aden auch auf alter\u00adna\u00adtiv\u00aden Wegen, beispiel\u00adsweise tele\u00adfonisch, an uns zu \u00fcbermitteln.<\/p>\n<h4 style=\"margin: 0px 0px 20px; padding: 0px; border: 0px currentColor; color: #333333; text-transform: none; line-height: 1.4; text-indent: 0px; letter-spacing: normal; font-family: -apple-system, BlinkMacSystemFont, 'Segoe UI', Roboto, 'Helvetica Neue', Arial, sans-serif; font-size: 16px; font-style: normal; font-weight: 400; word-spacing: 0px; vertical-align: baseline; white-space: normal; orphans: 2; widows: 2; font-stretch: inherit; background-color: #ffffff; font-variant-ligatures: normal; font-variant-caps: normal; font-variant-numeric: inherit; font-variant-east-asian: inherit; -webkit-text-stroke-width: 0px; text-decoration-style: initial; text-decoration-color: initial;\">1. Begriffsbestimmungen<\/h4>\n<p>Die Daten\u00adschutzerk\u00adl\u00e4rung der Fam\u00adi\u00adlie Lisa und Valentin Kecht beruht auf den Begrif\u00adflichkeit\u00aden, die durch den Europ\u00e4is\u00adchen Richtlin\u00adien- und Verord\u00adnungs\u00adge\u00adber beim Erlass der Daten\u00adschutz-Grund\u00adverord\u00adnung (<span class=\"caps\">DS-GVO<\/span>) ver\u00adwen\u00addet wur\u00adden. Unsere Daten\u00adschutzerk\u00adl\u00e4rung soll sowohl f\u00fcr die \u00d6ffentlichkeit als auch f\u00fcr unsere Kun\u00adden und Gesch\u00e4ftspart\u00adner ein\u00adfach les\u00adbar und ver\u00adst\u00e4ndlich sein. Um dies zu gew\u00e4hrleis\u00adten, m\u00f6cht\u00aden wir vor\u00adab die ver\u00adwen\u00adde\u00adten Begrif\u00adflichkeit\u00aden erl\u00e4utern.<\/p>\n<p>Wir ver\u00adwen\u00adden in dieser Daten\u00adschutzerk\u00adl\u00e4rung unter anderem die fol\u00adgen\u00adden Begriffe:<\/p>\n<ul>\n<li>\n<h4 style=\"margin: 0px 0px 20px; padding: 0px; border: 0px currentColor; color: #333333; text-transform: none; line-height: 1.4; font-family: -apple-system, BlinkMacSystemFont, 'Segoe UI', Roboto, 'Helvetica Neue', Arial, sans-serif; font-size: 16px; font-style: inherit; font-variant: inherit; font-weight: 400; vertical-align: baseline; font-stretch: inherit;\">a)&nbsp;&nbsp;&nbsp; personenbezogene Daten<\/h4>\n<p>Per\u00adso\u00adn\u00aden\u00adbe\u00adzo\u00adgene Dat\u00aden sind alle Infor\u00adma\u00adtio\u00adnen, die sich auf eine iden\u00adti\u00adfizierte oder iden\u00adti\u00adfizier\u00adbare nat\u00fcr\u00adliche Per\u00adson (im Fol\u00adgen\u00adden \u201ebetrof\u00adfene Per\u00adson\u201c) beziehen. Als iden\u00adti\u00adfizier\u00adbar wird eine nat\u00fcr\u00adliche Per\u00adson ange\u00adse\u00adhen, die direkt oder indi\u00adrekt, ins\u00adbeson\u00addere mit\u00adtels Zuord\u00adnung zu ein\u00ader Ken\u00adnung wie einem Namen, zu ein\u00ader Kennnum\u00admer, zu Stan\u00addort\u00addat\u00aden, zu ein\u00ader Online-Ken\u00adnung oder zu einem oder mehreren beson\u00adderen Merk\u00admalen, die Aus\u00addruck der physis\u00adchen, phys\u00adi\u00adol\u00ado\u00adgis\u00adchen, genetis\u00adchen, psy\u00adchis\u00adchen, wirtschaftlichen, kul\u00adturellen oder sozialen Iden\u00adtit\u00e4t dieser nat\u00fcr\u00adlichen Per\u00adson sind, iden\u00adti\u00adfiziert wer\u00adden&nbsp;kann.<\/p><\/li>\n<li>\n<h4 style=\"margin: 0px 0px 20px; padding: 0px; border: 0px currentColor; color: #333333; text-transform: none; line-height: 1.4; font-family: -apple-system, BlinkMacSystemFont, 'Segoe UI', Roboto, 'Helvetica Neue', Arial, sans-serif; font-size: 16px; font-style: inherit; font-variant: inherit; font-weight: 400; vertical-align: baseline; font-stretch: inherit;\">b)&nbsp;&nbsp;&nbsp; betroffene Person<\/h4>\n<p>Betrof\u00adfene Per\u00adson ist jede iden\u00adti\u00adfizierte oder iden\u00adti\u00adfizier\u00adbare nat\u00fcr\u00adliche Per\u00adson, deren per\u00adso\u00adn\u00aden\u00adbe\u00adzo\u00adgene Dat\u00aden von dem f\u00fcr die Ver\u00adar\u00adbeitung Ver\u00adant\u00adwortlichen ver\u00adar\u00adbeit\u00adet werden.<\/p><\/li>\n<li>\n<h4 style=\"margin: 0px 0px 20px; padding: 0px; border: 0px currentColor; color: #333333; text-transform: none; line-height: 1.4; font-family: -apple-system, BlinkMacSystemFont, 'Segoe UI', Roboto, 'Helvetica Neue', Arial, sans-serif; font-size: 16px; font-style: inherit; font-variant: inherit; font-weight: 400; vertical-align: baseline; font-stretch: inherit;\">c)&nbsp;&nbsp;&nbsp; Verarbeitung<\/h4>\n<p>Ver\u00adar\u00adbeitung ist jed\u00ader mit oder ohne Hil\u00adfe automa\u00adtisiert\u00ader Ver\u00adfahren aus\u00adge\u00adf\u00fchrte Vor\u00adgang oder jede solche Vor\u00adgangsrei\u00adhe im Zusam\u00admen\u00adhang mit per\u00adso\u00adn\u00aden\u00adbe\u00adzo\u00adge\u00adnen Dat\u00aden wie das Erheben, das Erfassen, die Organ\u00adi\u00adsa\u00adtion, das Ord\u00adnen, die Spe\u00adicherung, die Anpas\u00adsung oder Ver\u00e4n\u00adderung, das Ausle\u00adsen, das Abfra\u00adgen, die Ver\u00adwen\u00addung, die Offen\u00adle\u00adgung durch \u00dcber\u00admit\u00adtlung, Ver\u00adbre\u00aditung oder eine andere Form der Bere\u00adit\u00adstel\u00adlung, den Abgle\u00adich oder die Verkn\u00fcp\u00adfung, die Ein\u00adschr\u00e4nkung, das L\u00f6schen oder die Vernichtung.<\/p><\/li>\n<li>\n<h4 style=\"margin: 0px 0px 20px; padding: 0px; border: 0px currentColor; color: #333333; text-transform: none; line-height: 1.4; font-family: -apple-system, BlinkMacSystemFont, 'Segoe UI', Roboto, 'Helvetica Neue', Arial, sans-serif; font-size: 16px; font-style: inherit; font-variant: inherit; font-weight: 400; vertical-align: baseline; font-stretch: inherit;\">d)&nbsp;&nbsp;&nbsp; Einschr\u00e4nkung der Verarbeitung<\/h4>\n<p>Ein\u00adschr\u00e4nkung der Ver\u00adar\u00adbeitung ist die Markierung gespe\u00adichert\u00ader per\u00adso\u00adn\u00aden\u00adbe\u00adzo\u00adgen\u00ader Dat\u00aden mit dem Ziel, ihre k\u00fcn\u00adftige Ver\u00adar\u00adbeitung einzuschr\u00e4nken.<\/p><\/li>\n<li>\n<h4 style=\"margin: 0px 0px 20px; padding: 0px; border: 0px currentColor; color: #333333; text-transform: none; line-height: 1.4; font-family: -apple-system, BlinkMacSystemFont, 'Segoe UI', Roboto, 'Helvetica Neue', Arial, sans-serif; font-size: 16px; font-style: inherit; font-variant: inherit; font-weight: 400; vertical-align: baseline; font-stretch: inherit;\">e)&nbsp;&nbsp;&nbsp; Profiling<\/h4>\n<p>Pro\u00adfil\u00ading ist jede Art der automa\u00adtisierten Ver\u00adar\u00adbeitung per\u00adso\u00adn\u00aden\u00adbe\u00adzo\u00adgen\u00ader Dat\u00aden, die darin beste\u00adht, dass diese per\u00adso\u00adn\u00aden\u00adbe\u00adzo\u00adge\u00adnen Dat\u00aden ver\u00adwen\u00addet wer\u00adden, um bes\u00adtimmte per\u00ads\u00f6n\u00adliche Aspek\u00adte, die sich auf eine nat\u00fcr\u00adliche Per\u00adson beziehen, zu bew\u00aderten, ins\u00adbeson\u00addere, um Aspek\u00adte bez\u00fcglich Arbeit\u00adsleis\u00adtung, wirtschaftlich\u00ader Lage, Gesund\u00adheit, per\u00ads\u00f6n\u00adlich\u00ader Vor\u00adlieben, Inter\u00adessen, Zuver\u00adl\u00e4s\u00adsigkeit, Ver\u00adhal\u00adten, Aufen\u00adthalt\u00adsort oder Ortswech\u00adsel dieser nat\u00fcr\u00adlichen Per\u00adson zu analysieren oder vorherzusagen.<\/p><\/li>\n<li>\n<h4 style=\"margin: 0px 0px 20px; padding: 0px; border: 0px currentColor; color: #333333; text-transform: none; line-height: 1.4; font-family: -apple-system, BlinkMacSystemFont, 'Segoe UI', Roboto, 'Helvetica Neue', Arial, sans-serif; font-size: 16px; font-style: inherit; font-variant: inherit; font-weight: 400; vertical-align: baseline; font-stretch: inherit;\">f)&nbsp;&nbsp;&nbsp;&nbsp; Pseudonymisierung<\/h4>\n<p>Pseu\u00addo\u00adnymisierung ist die Ver\u00adar\u00adbeitung per\u00adso\u00adn\u00aden\u00adbe\u00adzo\u00adgen\u00ader Dat\u00aden in ein\u00ader Weise, auf welche die per\u00adso\u00adn\u00aden\u00adbe\u00adzo\u00adge\u00adnen Dat\u00aden ohne Hinzuziehung zus\u00e4t\u00adzlich\u00ader Infor\u00adma\u00adtio\u00adnen nicht mehr ein\u00ader spez\u00adi\u00adfis\u00adchen betrof\u00adfe\u00adnen Per\u00adson zuge\u00adord\u00adnet wer\u00adden k\u00f6n\u00adnen, sofern diese zus\u00e4t\u00adzlichen Infor\u00adma\u00adtio\u00adnen geson\u00addert auf\u00adbe\u00adwahrt wer\u00adden und tech\u00adnis\u00adchen und organ\u00adisatorischen Ma\u00df\u00adnah\u00admen unter\u00adliegen, die gew\u00e4hrleis\u00adten, dass die per\u00adso\u00adn\u00aden\u00adbe\u00adzo\u00adge\u00adnen Dat\u00aden nicht ein\u00ader iden\u00adti\u00adfizierten oder iden\u00adti\u00adfizier\u00adbaren nat\u00fcr\u00adlichen Per\u00adson zugewiesen werden.<\/p><\/li>\n<li>\n<h4 style=\"margin: 0px 0px 20px; padding: 0px; border: 0px currentColor; color: #333333; text-transform: none; line-height: 1.4; font-family: -apple-system, BlinkMacSystemFont, 'Segoe UI', Roboto, 'Helvetica Neue', Arial, sans-serif; font-size: 16px; font-style: inherit; font-variant: inherit; font-weight: 400; vertical-align: baseline; font-stretch: inherit;\">g)&nbsp;&nbsp;&nbsp; Verantwortlicher oder f\u00fcr die Verarbeitung Verantwortlicher<\/h4>\n<p>Ver\u00adant\u00adwortlich\u00ader oder f\u00fcr die Ver\u00adar\u00adbeitung Ver\u00adant\u00adwortlich\u00ader ist die nat\u00fcr\u00adliche oder juris\u00adtis\u00adche Per\u00adson, Beh\u00f6rde, Ein\u00adrich\u00adtung oder andere Stelle, die allein oder gemein\u00adsam mit anderen \u00fcber die Zwecke und Mit\u00adtel der Ver\u00adar\u00adbeitung von per\u00adso\u00adn\u00aden\u00adbe\u00adzo\u00adge\u00adnen Dat\u00aden entschei\u00addet. Sind die Zwecke und Mit\u00adtel dieser Ver\u00adar\u00adbeitung durch das Union\u00adsrecht oder das Recht der Mit\u00adglied\u00adstaat\u00aden vorgegeben, so kann der Ver\u00adant\u00adwortliche beziehungsweise k\u00f6n\u00adnen die bes\u00adtimmten Kri\u00adte\u00adrien sein\u00ader Benen\u00adnung nach dem Union\u00adsrecht oder dem Recht der Mit\u00adglied\u00adstaat\u00aden vorge\u00adse\u00adhen werden.<\/p><\/li>\n<li>\n<h4 style=\"margin: 0px 0px 20px; padding: 0px; border: 0px currentColor; color: #333333; text-transform: none; line-height: 1.4; font-family: -apple-system, BlinkMacSystemFont, 'Segoe UI', Roboto, 'Helvetica Neue', Arial, sans-serif; font-size: 16px; font-style: inherit; font-variant: inherit; font-weight: 400; vertical-align: baseline; font-stretch: inherit;\">h)&nbsp;&nbsp;&nbsp; Auftragsverarbeiter<\/h4>\n<p>Auf\u00adtragsver\u00adar\u00adbeit\u00ader ist eine nat\u00fcr\u00adliche oder juris\u00adtis\u00adche Per\u00adson, Beh\u00f6rde, Ein\u00adrich\u00adtung oder andere Stelle, die per\u00adso\u00adn\u00aden\u00adbe\u00adzo\u00adgene Dat\u00aden im Auf\u00adtrag des Ver\u00adant\u00adwortlichen verarbeitet.<\/p><\/li>\n<li>\n<h4 style=\"margin: 0px 0px 20px; padding: 0px; border: 0px currentColor; color: #333333; text-transform: none; line-height: 1.4; font-family: -apple-system, BlinkMacSystemFont, 'Segoe UI', Roboto, 'Helvetica Neue', Arial, sans-serif; font-size: 16px; font-style: inherit; font-variant: inherit; font-weight: 400; vertical-align: baseline; font-stretch: inherit;\">i)&nbsp;&nbsp;&nbsp;&nbsp;&nbsp; Empf\u00e4nger<\/h4>\n<p>Empf\u00e4nger ist eine nat\u00fcr\u00adliche oder juris\u00adtis\u00adche Per\u00adson, Beh\u00f6rde, Ein\u00adrich\u00adtung oder andere Stelle, der per\u00adso\u00adn\u00aden\u00adbe\u00adzo\u00adgene Dat\u00aden offen\u00adgelegt wer\u00adden, unab\u00adh\u00e4ngig davon, ob es sich bei ihr um einen Drit\u00adten han\u00addelt oder nicht. Beh\u00f6r\u00adden, die im Rah\u00admen eines bes\u00adtimmten Unter\u00adsuchungsauf\u00adtrags nach dem Union\u00adsrecht oder dem Recht der Mit\u00adglied\u00adstaat\u00aden m\u00f6glicher\u00adweise per\u00adso\u00adn\u00aden\u00adbe\u00adzo\u00adgene Dat\u00aden erhal\u00adten, gel\u00adten jedoch nicht als Empf\u00e4nger.<\/p><\/li>\n<li>\n<h4 style=\"margin: 0px 0px 20px; padding: 0px; border: 0px currentColor; color: #333333; text-transform: none; line-height: 1.4; font-family: -apple-system, BlinkMacSystemFont, 'Segoe UI', Roboto, 'Helvetica Neue', Arial, sans-serif; font-size: 16px; font-style: inherit; font-variant: inherit; font-weight: 400; vertical-align: baseline; font-stretch: inherit;\">j)&nbsp;&nbsp;&nbsp;&nbsp;&nbsp; Dritter<\/h4>\n<p>Drit\u00adter ist eine nat\u00fcr\u00adliche oder juris\u00adtis\u00adche Per\u00adson, Beh\u00f6rde, Ein\u00adrich\u00adtung oder andere Stelle au\u00dfer der betrof\u00adfe\u00adnen Per\u00adson, dem Ver\u00adant\u00adwortlichen, dem Auf\u00adtragsver\u00adar\u00adbeit\u00ader und den Per\u00adso\u00adn\u00aden, die unter der unmit\u00adtel\u00adbaren Ver\u00adant\u00adwor\u00adtung des Ver\u00adant\u00adwortlichen oder des Auf\u00adtragsver\u00adar\u00adbeit\u00aders befugt sind, die per\u00adso\u00adn\u00aden\u00adbe\u00adzo\u00adge\u00adnen Dat\u00aden zu verarbeiten.<\/p><\/li>\n<li>\n<h4 style=\"margin: 0px 0px 20px; padding: 0px; border: 0px currentColor; color: #333333; text-transform: none; line-height: 1.4; font-family: -apple-system, BlinkMacSystemFont, 'Segoe UI', Roboto, 'Helvetica Neue', Arial, sans-serif; font-size: 16px; font-style: inherit; font-variant: inherit; font-weight: 400; vertical-align: baseline; font-stretch: inherit;\">k)&nbsp;&nbsp;&nbsp; Einwilligung<\/h4>\n<p>Ein\u00adwilli\u00adgung ist jede von der betrof\u00adfe\u00adnen Per\u00adson frei\u00adwillig f\u00fcr den bes\u00adtimmten Fall in informiert\u00ader Weise und unmissver\u00adst\u00e4ndlich abgegebene Wil\u00adlens\u00adbekun\u00addung in Form ein\u00ader Erk\u00adl\u00e4rung oder ein\u00ader son\u00adsti\u00adgen ein\u00addeuti\u00adgen best\u00e4ti\u00adgen\u00adden Hand\u00adlung, mit der die betrof\u00adfene Per\u00adson zu ver\u00adste\u00adhen gibt, dass sie mit der Ver\u00adar\u00adbeitung der sie betr\u00ade\u00adf\u00adfend\u00aden per\u00adso\u00adn\u00aden\u00adbe\u00adzo\u00adge\u00adnen Dat\u00aden ein\u00adver\u00adstanden ist.<\/p><\/li>\n<\/ul>\n<h4 style=\"margin: 0px 0px 20px; padding: 0px; border: 0px currentColor; color: #333333; text-transform: none; line-height: 1.4; text-indent: 0px; letter-spacing: normal; font-family: -apple-system, BlinkMacSystemFont, 'Segoe UI', Roboto, 'Helvetica Neue', Arial, sans-serif; font-size: 16px; font-style: normal; font-weight: 400; word-spacing: 0px; vertical-align: baseline; white-space: normal; orphans: 2; widows: 2; font-stretch: inherit; background-color: #ffffff; font-variant-ligatures: normal; font-variant-caps: normal; font-variant-numeric: inherit; font-variant-east-asian: inherit; -webkit-text-stroke-width: 0px; text-decoration-style: initial; text-decoration-color: initial;\">2. Name und Anschrift des f\u00fcr die Verarbeitung Verantwortlichen<\/h4>\n<p>Ver\u00adant\u00adwortlich\u00ader im Sinne der Daten\u00adschutz-Grund\u00adverord\u00adnung, son\u00adstiger in den Mit\u00adglied\u00adstaat\u00aden der Europ\u00e4is\u00adchen Union gel\u00adtenden Daten\u00adschutzge\u00adset\u00adze und ander\u00ader Bes\u00adtim\u00admungen mit daten\u00adschutzrechtlichem Charak\u00adter ist&nbsp;die:<\/p>\n<p>Fam\u00adi\u00adlie Lisa und Valentin Kecht<\/p>\n<p>Vor\u00adder\u00admiesen\u00adbach&nbsp;3<\/p>\n<p>83324 Ruh\u00adpold\u00ading<\/p>\n<p>Deutsch\u00adland<\/p>\n<p>Tel.: +49 8663&nbsp;1022<\/p>\n<p>E\u2011Mail: matheishof@t\u2011online.de<\/p>\n<p>Web\u00adsite: www.matheishof-ruhpolding.de<\/p>\n<h4 style=\"margin: 0px 0px 20px; padding: 0px; border: 0px currentColor; color: #333333; text-transform: none; line-height: 1.4; text-indent: 0px; letter-spacing: normal; font-family: -apple-system, BlinkMacSystemFont, 'Segoe UI', Roboto, 'Helvetica Neue', Arial, sans-serif; font-size: 16px; font-style: normal; font-weight: 400; word-spacing: 0px; vertical-align: baseline; white-space: normal; orphans: 2; widows: 2; font-stretch: inherit; background-color: #ffffff; font-variant-ligatures: normal; font-variant-caps: normal; font-variant-numeric: inherit; font-variant-east-asian: inherit; -webkit-text-stroke-width: 0px; text-decoration-style: initial; text-decoration-color: initial;\">3. Cookies<\/h4>\n<p>Die Inter\u00adnet\u00adseit\u00aden der Fam\u00adi\u00adlie Lisa und Valentin Kecht ver\u00adwen\u00adden Cook\u00adies. Cook\u00adies sind Text\u00addateien, welche \u00fcber einen Inter\u00adnet\u00adbrows\u00ader auf einem Com\u00adput\u00ader\u00adsys\u00adtem abgelegt und gespe\u00adichert werden.<\/p>\n<p>Zahlre\u00adiche Inter\u00adnet\u00adseit\u00aden und Serv\u00ader ver\u00adwen\u00adden Cook\u00adies. Viele Cook\u00adies enthal\u00adten eine soge\u00adnan\u00adnte Cook\u00adie-ID. Eine Cook\u00adie-ID ist eine ein\u00addeutige Ken\u00adnung des Cook\u00adies. Sie beste\u00adht aus ein\u00ader Zeichen\u00adfolge, durch welche Inter\u00adnet\u00adseit\u00aden und Serv\u00ader dem konkreten Inter\u00adnet\u00adbrows\u00ader zuge\u00adord\u00adnet wer\u00adden k\u00f6n\u00adnen, in dem das Cook\u00adie gespe\u00adichert wurde. Dies erm\u00f6glicht es den besucht\u00aden Inter\u00adnet\u00adseit\u00aden und Servern, den indi\u00advidu\u00adellen Brows\u00ader der betrof\u00adfe\u00adnen Per\u00adson von anderen Inter\u00adnet\u00adbrowsern, die andere Cook\u00adies enthal\u00adten, zu unter\u00adschei\u00adden. Ein bes\u00adtimmter Inter\u00adnet\u00adbrows\u00ader kann \u00fcber die ein\u00addeutige Cook\u00adie-ID wieder\u00aderkan\u00adnt und iden\u00adti\u00adfiziert werden.<\/p>\n<p>Durch den Ein\u00adsatz von Cook\u00adies kann die Fam\u00adi\u00adlie Lisa und Valentin Kecht den Nutzern dieser Inter\u00adnet\u00adseite nutzer\u00adfre\u00adundlichere Ser\u00advices bere\u00adit\u00adstellen, die ohne die Cook\u00adie-Set\u00adzung nicht m\u00f6glich w\u00e4ren.<\/p>\n<p>Mit\u00adtels eines Cook\u00adies k\u00f6n\u00adnen die Infor\u00adma\u00adtio\u00adnen und Ange\u00adbote auf unser\u00ader Inter\u00adnet\u00adseite im Sinne des Benutzers opti\u00admiert wer\u00adden. Cook\u00adies erm\u00f6glichen uns, wie bere\u00adits erw\u00e4h\u00adnt, die Benutzer unser\u00ader Inter\u00adnet\u00adseite wiederzuerken\u00adnen. Zweck dieser Wieder\u00aderken\u00adnung ist es, den Nutzern die Ver\u00adwen\u00addung unser\u00ader Inter\u00adnet\u00adseite zu erle\u00adichtern. Der Benutzer ein\u00ader Inter\u00adnet\u00adseite, die Cook\u00adies ver\u00adwen\u00addet, muss beispiel\u00adsweise nicht bei jedem Besuch der Inter\u00adnet\u00adseite erneut seine Zugangs\u00addat\u00aden eingeben, weil dies von der Inter\u00adnet\u00adseite und dem auf dem Com\u00adput\u00ader\u00adsys\u00adtem des Benutzers abgelegten Cook\u00adie \u00fcber\u00adnom\u00admen wird. Ein weit\u00aderes Beispiel ist das Cook\u00adie eines Warenko\u00adrbes im Online-Shop. Der Online-Shop merkt sich die Artikel, die ein Kunde in den virtuellen Warenko\u00adrb gelegt hat, \u00fcber ein Cookie.<\/p>\n<p>Die betrof\u00adfene Per\u00adson kann die Set\u00adzung von Cook\u00adies durch unsere Inter\u00adnet\u00adseite jed\u00aderzeit mit\u00adtels ein\u00ader entsprechen\u00adden Ein\u00adstel\u00adlung des genutzten Inter\u00adnet\u00adbrowsers ver\u00adhin\u00addern und damit der Set\u00adzung von Cook\u00adies dauer\u00adhaft wider\u00adsprechen. Fern\u00ader k\u00f6n\u00adnen bere\u00adits geset\u00adzte Cook\u00adies jed\u00aderzeit \u00fcber einen Inter\u00adnet\u00adbrows\u00ader oder andere Soft\u00adware\u00adpro\u00adgramme gel\u00f6scht wer\u00adden. Dies ist in allen g\u00e4ngi\u00adgen Inter\u00adnet\u00adbrowsern m\u00f6glich. Deak\u00adtiviert die betrof\u00adfene Per\u00adson die Set\u00adzung von Cook\u00adies in dem genutzten Inter\u00adnet\u00adbrows\u00ader, sind unter Umst\u00e4n\u00adden nicht alle Funk\u00adtio\u00adnen unser\u00ader Inter\u00adnet\u00adseite vol\u00adlum\u00adf\u00e4nglich nutzbar.<\/p>\n<h4 style=\"margin: 0px 0px 20px; padding: 0px; border: 0px currentColor; color: #333333; text-transform: none; line-height: 1.4; text-indent: 0px; letter-spacing: normal; font-family: -apple-system, BlinkMacSystemFont, 'Segoe UI', Roboto, 'Helvetica Neue', Arial, sans-serif; font-size: 16px; font-style: normal; font-weight: 400; word-spacing: 0px; vertical-align: baseline; white-space: normal; orphans: 2; widows: 2; font-stretch: inherit; background-color: #ffffff; font-variant-ligatures: normal; font-variant-caps: normal; font-variant-numeric: inherit; font-variant-east-asian: inherit; -webkit-text-stroke-width: 0px; text-decoration-style: initial; text-decoration-color: initial;\">4. Erfassung von allgemeinen Daten und Informationen<\/h4>\n<p>Die Inter\u00adnet\u00adseite der Fam\u00adi\u00adlie Lisa und Valentin Kecht erfasst mit jedem Aufruf der Inter\u00adnet\u00adseite durch eine betrof\u00adfene Per\u00adson oder ein automa\u00adtisiertes Sys\u00adtem eine Rei\u00adhe von all\u00adge\u00admeinen Dat\u00aden und Infor\u00adma\u00adtio\u00adnen. Diese all\u00adge\u00admeinen Dat\u00aden und Infor\u00adma\u00adtio\u00adnen wer\u00adden in den Log\u00adfiles des Servers gespe\u00adichert. Erfasst wer\u00adden k\u00f6n\u00adnen die (1) ver\u00adwen\u00adde\u00adten Browser\u00adtypen und Ver\u00adsio\u00adnen, (2) das vom zugreifend\u00aden Sys\u00adtem ver\u00adwen\u00addete Betrieb\u00adssys\u00adtem, (3) die Inter\u00adnet\u00adseite, von welch\u00ader ein zugreifend\u00ades Sys\u00adtem auf unsere Inter\u00adnet\u00adseite gelangt (soge\u00adnan\u00adnte Refer\u00adrer), (4) die Unter\u00adweb\u00adseit\u00aden, welche \u00fcber ein zugreifend\u00ades Sys\u00adtem auf unser\u00ader Inter\u00adnet\u00adseite anges\u00adteuert wer\u00adden, (5) das Datum und die Uhrzeit eines Zugriffs auf die Inter\u00adnet\u00adseite, (6) eine Inter\u00adnet-Pro\u00adtokoll-Adresse (IP-Adresse), (7) der Inter\u00adnet-Ser\u00advice-Provider des zugreifend\u00aden Sys\u00adtems und (8) son\u00adstige \u00e4hn\u00adliche Dat\u00aden und Infor\u00adma\u00adtio\u00adnen, die der Gefahren\u00adab\u00adwehr im Falle von Angrif\u00adf\u00aden auf unsere infor\u00adma\u00adtion\u00adstech\u00adnol\u00ado\u00adgis\u00adchen Sys\u00adteme dienen.<\/p>\n<p>Bei der Nutzung dieser all\u00adge\u00admeinen Dat\u00aden und Infor\u00adma\u00adtio\u00adnen zieht die Fam\u00adi\u00adlie Lisa und Valentin Kecht keine R\u00fcckschl\u00fcsse auf die betrof\u00adfene Per\u00adson. Diese Infor\u00adma\u00adtio\u00adnen wer\u00adden vielmehr ben\u00f6tigt, um (1) die Inhalte unser\u00ader Inter\u00adnet\u00adseite kor\u00adrekt auszuliefern, (2) die Inhalte unser\u00ader Inter\u00adnet\u00adseite sowie die Wer\u00adbung f\u00fcr diese zu opti\u00admieren, (3) die dauer\u00adhafte Funk\u00adtions\u00adf\u00e4higkeit unser\u00ader infor\u00adma\u00adtion\u00adstech\u00adnol\u00ado\u00adgis\u00adchen Sys\u00adteme und der Tech\u00adnik unser\u00ader Inter\u00adnet\u00adseite zu gew\u00e4hrleis\u00adten sowie (4) um Strafver\u00adfol\u00adgungs\u00adbe\u00adh\u00f6r\u00adden im Falle eines Cyberan\u00adgriffes die zur Strafver\u00adfol\u00adgung notwendi\u00adgen Infor\u00adma\u00adtio\u00adnen bere\u00aditzustellen. Diese anonym erhobe\u00adnen Dat\u00aden und Infor\u00adma\u00adtio\u00adnen wer\u00adden durch die Fam\u00adi\u00adlie Lisa und Valentin Kecht daher ein\u00ader\u00adseits sta\u00adtis\u00adtisch und fern\u00ader mit dem Ziel aus\u00adgew\u00adertet, den Daten\u00adschutz und die Daten\u00adsicher\u00adheit in unserem Unternehmen zu erh\u00f6hen, um let\u00adztlich ein opti\u00admales Schutzniveau f\u00fcr die von uns ver\u00adar\u00adbeit\u00adeten per\u00adso\u00adn\u00aden\u00adbe\u00adzo\u00adge\u00adnen Dat\u00aden sicherzustellen. Die anony\u00admen Dat\u00aden der Serv\u00ader-Log\u00adfiles wer\u00adden getren\u00adnt von allen durch eine betrof\u00adfene Per\u00adson angegebe\u00adnen per\u00adso\u00adn\u00aden\u00adbe\u00adzo\u00adge\u00adnen Dat\u00aden gespeichert.<\/p>\n<h4 style=\"margin: 0px 0px 20px; padding: 0px; border: 0px currentColor; color: #333333; text-transform: none; line-height: 1.4; text-indent: 0px; letter-spacing: normal; font-family: -apple-system, BlinkMacSystemFont, 'Segoe UI', Roboto, 'Helvetica Neue', Arial, sans-serif; font-size: 16px; font-style: normal; font-weight: 400; word-spacing: 0px; vertical-align: baseline; white-space: normal; orphans: 2; widows: 2; font-stretch: inherit; background-color: #ffffff; font-variant-ligatures: normal; font-variant-caps: normal; font-variant-numeric: inherit; font-variant-east-asian: inherit; -webkit-text-stroke-width: 0px; text-decoration-style: initial; text-decoration-color: initial;\">5. Registrierung auf unserer Internetseite<\/h4>\n<p>Die betrof\u00adfene Per\u00adson hat die M\u00f6glichkeit, sich auf der Inter\u00adnet\u00adseite des f\u00fcr die Ver\u00adar\u00adbeitung Ver\u00adant\u00adwortlichen unter Angabe von per\u00adso\u00adn\u00aden\u00adbe\u00adzo\u00adge\u00adnen Dat\u00aden zu reg\u00adistri\u00aderen. Welche per\u00adso\u00adn\u00aden\u00adbe\u00adzo\u00adge\u00adnen Dat\u00aden dabei an den f\u00fcr die Ver\u00adar\u00adbeitung Ver\u00adant\u00adwortlichen \u00fcber\u00admit\u00adtelt wer\u00adden, ergibt sich aus der jew\u00adeili\u00adgen Eingabe\u00admaske, die f\u00fcr die Reg\u00adistrierung ver\u00adwen\u00addet wird. Die von der betrof\u00adfe\u00adnen Per\u00adson eingegebe\u00adnen per\u00adso\u00adn\u00aden\u00adbe\u00adzo\u00adge\u00adnen Dat\u00aden wer\u00adden auss\u00adchlie\u00dflich f\u00fcr die interne Ver\u00adwen\u00addung bei dem f\u00fcr die Ver\u00adar\u00adbeitung Ver\u00adant\u00adwortlichen und f\u00fcr eigene Zwecke erhoben und gespe\u00adichert. Der f\u00fcr die Ver\u00adar\u00adbeitung Ver\u00adant\u00adwortliche kann die Weit\u00ader\u00adgabe an einen oder mehrere Auf\u00adtragsver\u00adar\u00adbeit\u00ader, beispiel\u00adsweise einen Paket\u00addi\u00aden\u00adstleis\u00adter, ver\u00adan\u00adlassen, der die per\u00adso\u00adn\u00aden\u00adbe\u00adzo\u00adge\u00adnen Dat\u00aden eben\u00adfalls auss\u00adchlie\u00dflich f\u00fcr eine interne Ver\u00adwen\u00addung, die dem f\u00fcr die Ver\u00adar\u00adbeitung Ver\u00adant\u00adwortlichen zuzurech\u00adnen ist,&nbsp;nutzt.<\/p>\n<p>Durch eine Reg\u00adistrierung auf der Inter\u00adnet\u00adseite des f\u00fcr die Ver\u00adar\u00adbeitung Ver\u00adant\u00adwortlichen wird fern\u00ader die vom Inter\u00adnet-Ser\u00advice-Provider (<span class=\"caps\">ISP<\/span>) der betrof\u00adfe\u00adnen Per\u00adson vergebene IP-Adresse, das Datum sowie die Uhrzeit der Reg\u00adistrierung gespe\u00adichert. Die Spe\u00adicherung dieser Dat\u00aden erfol\u00adgt vor dem Hin\u00adter\u00adgrund, dass nur so der Miss\u00adbrauch unser\u00ader Dien\u00adste ver\u00adhin\u00addert wer\u00adden kann, und diese Dat\u00aden im Bedarfs\u00adfall erm\u00f6glichen, began\u00adgene Straftat\u00aden aufzuk\u00adl\u00e4ren. Insofern ist die Spe\u00adicherung dieser Dat\u00aden zur Absicherung des f\u00fcr die Ver\u00adar\u00adbeitung Ver\u00adant\u00adwortlichen erforder\u00adlich. Eine Weit\u00ader\u00adgabe dieser Dat\u00aden an Dritte erfol\u00adgt grund\u00ads\u00e4t\u00adzlich nicht, sofern keine geset\u00adzliche Pflicht zur Weit\u00ader\u00adgabe beste\u00adht oder die Weit\u00ader\u00adgabe der Strafver\u00adfol\u00adgung&nbsp;dient.<\/p>\n<p>Die Reg\u00adistrierung der betrof\u00adfe\u00adnen Per\u00adson unter frei\u00adwilliger Angabe per\u00adso\u00adn\u00aden\u00adbe\u00adzo\u00adgen\u00ader Dat\u00aden dient dem f\u00fcr die Ver\u00adar\u00adbeitung Ver\u00adant\u00adwortlichen dazu, der betrof\u00adfe\u00adnen Per\u00adson Inhalte oder Leis\u00adtun\u00adgen anzu\u00adbi\u00adeten, die auf\u00adgrund der Natur der Sache nur reg\u00adistri\u00aderten Benutzern ange\u00adboten wer\u00adden k\u00f6n\u00adnen. Reg\u00adistri\u00aderten Per\u00adso\u00adn\u00aden ste\u00adht die M\u00f6glichkeit frei, die bei der Reg\u00adistrierung angegebe\u00adnen per\u00adso\u00adn\u00aden\u00adbe\u00adzo\u00adge\u00adnen Dat\u00aden jed\u00aderzeit abzu\u00e4n\u00addern oder voll\u00adst\u00e4ndig aus dem Datenbe\u00adstand des f\u00fcr die Ver\u00adar\u00adbeitung Ver\u00adant\u00adwortlichen l\u00f6schen zu lassen.<\/p>\n<p>Der f\u00fcr die Ver\u00adar\u00adbeitung Ver\u00adant\u00adwortliche erteilt jed\u00ader betrof\u00adfe\u00adnen Per\u00adson jed\u00aderzeit auf Anfrage Auskun\u00adft dar\u00fcber, welche per\u00adso\u00adn\u00aden\u00adbe\u00adzo\u00adge\u00adnen Dat\u00aden \u00fcber die betrof\u00adfene Per\u00adson gespe\u00adichert sind. Fern\u00ader berichtigt oder l\u00f6scht der f\u00fcr die Ver\u00adar\u00adbeitung Ver\u00adant\u00adwortliche per\u00adso\u00adn\u00aden\u00adbe\u00adzo\u00adgene Dat\u00aden auf Wun\u00adsch oder Hin\u00adweis der betrof\u00adfe\u00adnen Per\u00adson, soweit dem keine geset\u00adzlichen Auf\u00adbe\u00adwahrungspflicht\u00aden ent\u00adge\u00adgen\u00adste\u00adhen. Die Gesamtheit der Mitar\u00adbeit\u00ader des f\u00fcr die Ver\u00adar\u00adbeitung Ver\u00adant\u00adwortlichen ste\u00adhen der betrof\u00adfe\u00adnen Per\u00adson in diesem Zusam\u00admen\u00adhang als Ansprech\u00adpart\u00adner zur Verf\u00fcgung.<\/p>\n<h4 style=\"margin: 0px 0px 20px; padding: 0px; border: 0px currentColor; color: #333333; text-transform: none; line-height: 1.4; text-indent: 0px; letter-spacing: normal; font-family: -apple-system, BlinkMacSystemFont, 'Segoe UI', Roboto, 'Helvetica Neue', Arial, sans-serif; font-size: 16px; font-style: normal; font-weight: 400; word-spacing: 0px; vertical-align: baseline; white-space: normal; orphans: 2; widows: 2; font-stretch: inherit; background-color: #ffffff; font-variant-ligatures: normal; font-variant-caps: normal; font-variant-numeric: inherit; font-variant-east-asian: inherit; -webkit-text-stroke-width: 0px; text-decoration-style: initial; text-decoration-color: initial;\">6. Kontaktm\u00f6glichkeit \u00fcber die Internetseite<\/h4>\n<p>Die Inter\u00adnet\u00adseite der Fam\u00adi\u00adlie Lisa und Valentin Kecht enth\u00e4lt auf\u00adgrund von geset\u00adzlichen Vorschriften Angaben, die eine schnelle elek\u00adtro\u00adn\u00adis\u00adche Kon\u00adtak\u00adtauf\u00adnahme zu unserem Unternehmen sowie eine unmit\u00adtel\u00adbare Kom\u00admu\u00adnika\u00adtion mit uns erm\u00f6glichen, was eben\u00adfalls eine all\u00adge\u00admeine Adresse der soge\u00adnan\u00adnten elek\u00adtro\u00adn\u00adis\u00adchen Post (E\u2011Mail-Adresse) umfasst. Sofern eine betrof\u00adfene Per\u00adson per E\u2011Mail oder \u00fcber ein Kon\u00adtak\u00adt\u00adfor\u00admu\u00adlar den Kon\u00adtakt mit dem f\u00fcr die Ver\u00adar\u00adbeitung Ver\u00adant\u00adwortlichen aufn\u00adimmt, wer\u00adden die von der betrof\u00adfe\u00adnen Per\u00adson \u00fcber\u00admit\u00adtel\u00adten per\u00adso\u00adn\u00aden\u00adbe\u00adzo\u00adge\u00adnen Dat\u00aden automa\u00adtisch gespe\u00adichert. Solche auf frei\u00adwilliger Basis von ein\u00ader betrof\u00adfe\u00adnen Per\u00adson an den f\u00fcr die Ver\u00adar\u00adbeitung Ver\u00adant\u00adwortlichen \u00fcber\u00admit\u00adtel\u00adten per\u00adso\u00adn\u00aden\u00adbe\u00adzo\u00adge\u00adnen Dat\u00aden wer\u00adden f\u00fcr Zwecke der Bear\u00adbeitung oder der Kon\u00adtak\u00adtauf\u00adnahme zur betrof\u00adfe\u00adnen Per\u00adson gespe\u00adichert. Es erfol\u00adgt keine Weit\u00ader\u00adgabe dieser per\u00adso\u00adn\u00aden\u00adbe\u00adzo\u00adge\u00adnen Dat\u00aden an Dritte.<\/p>\n<h4 style=\"margin: 0px 0px 20px; padding: 0px; border: 0px currentColor; color: #333333; text-transform: none; line-height: 1.4; text-indent: 0px; letter-spacing: normal; font-family: -apple-system, BlinkMacSystemFont, 'Segoe UI', Roboto, 'Helvetica Neue', Arial, sans-serif; font-size: 16px; font-style: normal; font-weight: 400; word-spacing: 0px; vertical-align: baseline; white-space: normal; orphans: 2; widows: 2; font-stretch: inherit; background-color: #ffffff; font-variant-ligatures: normal; font-variant-caps: normal; font-variant-numeric: inherit; font-variant-east-asian: inherit; -webkit-text-stroke-width: 0px; text-decoration-style: initial; text-decoration-color: initial;\">7. Routinem\u00e4\u00dfige L\u00f6schung und Sperrung von personenbezogenen Daten<\/h4>\n<p>Der f\u00fcr die Ver\u00adar\u00adbeitung Ver\u00adant\u00adwortliche ver\u00adar\u00adbeit\u00adet und spe\u00adichert per\u00adso\u00adn\u00aden\u00adbe\u00adzo\u00adgene Dat\u00aden der betrof\u00adfe\u00adnen Per\u00adson nur f\u00fcr den Zeitraum, der zur Erre\u00adichung des Spe\u00adicherungszwecks erforder\u00adlich ist oder sofern dies durch den Europ\u00e4is\u00adchen Richtlin\u00adien- und Verord\u00adnungs\u00adge\u00adber oder einen anderen Geset\u00adzge\u00adber in Geset\u00adzen oder Vorschriften, welchen der f\u00fcr die Ver\u00adar\u00adbeitung Ver\u00adant\u00adwortliche unter\u00adliegt, vorge\u00adse\u00adhen&nbsp;wurde.<\/p>\n<p>Ent\u00adf\u00e4llt der Spe\u00adicherungszweck oder l\u00e4uft eine vom Europ\u00e4is\u00adchen Richtlin\u00adien- und Verord\u00adnungs\u00adge\u00adber oder einem anderen zust\u00e4ndi\u00adgen Geset\u00adzge\u00adber vorgeschriebene Spe\u00adicher\u00adfrist ab, wer\u00adden die per\u00adso\u00adn\u00aden\u00adbe\u00adzo\u00adge\u00adnen Dat\u00aden rou\u00adtinem\u00e4\u00dfig und entsprechend den geset\u00adzlichen Vorschriften ges\u00adper\u00adrt oder gel\u00f6scht.<\/p>\n<h4 style=\"margin: 0px 0px 20px; padding: 0px; border: 0px currentColor; color: #333333; text-transform: none; line-height: 1.4; text-indent: 0px; letter-spacing: normal; font-family: -apple-system, BlinkMacSystemFont, 'Segoe UI', Roboto, 'Helvetica Neue', Arial, sans-serif; font-size: 16px; font-style: normal; font-weight: 400; word-spacing: 0px; vertical-align: baseline; white-space: normal; orphans: 2; widows: 2; font-stretch: inherit; background-color: #ffffff; font-variant-ligatures: normal; font-variant-caps: normal; font-variant-numeric: inherit; font-variant-east-asian: inherit; -webkit-text-stroke-width: 0px; text-decoration-style: initial; text-decoration-color: initial;\">8. Rechte der betroffenen Person<\/h4>\n<ul>\n<li>\n<h4 style=\"margin: 0px 0px 20px; padding: 0px; border: 0px currentColor; color: #333333; text-transform: none; line-height: 1.4; font-family: -apple-system, BlinkMacSystemFont, 'Segoe UI', Roboto, 'Helvetica Neue', Arial, sans-serif; font-size: 16px; font-style: inherit; font-variant: inherit; font-weight: 400; vertical-align: baseline; font-stretch: inherit;\">a)&nbsp;&nbsp;&nbsp; Recht auf Best\u00e4tigung<\/h4>\n<p>Jede betrof\u00adfene Per\u00adson hat das vom Europ\u00e4is\u00adchen Richtlin\u00adien- und Verord\u00adnungs\u00adge\u00adber einger\u00e4umte Recht, von dem f\u00fcr die Ver\u00adar\u00adbeitung Ver\u00adant\u00adwortlichen eine Best\u00e4\u00adti\u00adgung dar\u00fcber zu ver\u00adlan\u00adgen, ob sie betr\u00ade\u00adf\u00adfende per\u00adso\u00adn\u00aden\u00adbe\u00adzo\u00adgene Dat\u00aden ver\u00adar\u00adbeit\u00adet wer\u00adden. M\u00f6chte eine betrof\u00adfene Per\u00adson dieses Best\u00e4\u00adti\u00adgungsrecht in Anspruch nehmen, kann sie sich hierzu jed\u00aderzeit an einen Mitar\u00adbeit\u00ader des f\u00fcr die Ver\u00adar\u00adbeitung Ver\u00adant\u00adwortlichen wenden.<\/p><\/li>\n<li>\n<h4 style=\"margin: 0px 0px 20px; padding: 0px; border: 0px currentColor; color: #333333; text-transform: none; line-height: 1.4; font-family: -apple-system, BlinkMacSystemFont, 'Segoe UI', Roboto, 'Helvetica Neue', Arial, sans-serif; font-size: 16px; font-style: inherit; font-variant: inherit; font-weight: 400; vertical-align: baseline; font-stretch: inherit;\">b)&nbsp;&nbsp;&nbsp; Recht auf Auskunft<\/h4>\n<p>Jede von der Ver\u00adar\u00adbeitung per\u00adso\u00adn\u00aden\u00adbe\u00adzo\u00adgen\u00ader Dat\u00aden betrof\u00adfene Per\u00adson hat das vom Europ\u00e4is\u00adchen Richtlin\u00adien- und Verord\u00adnungs\u00adge\u00adber gew\u00e4hrte Recht, jed\u00aderzeit von dem f\u00fcr die Ver\u00adar\u00adbeitung Ver\u00adant\u00adwortlichen unent\u00adgeltliche Auskun\u00adft \u00fcber die zu sein\u00ader Per\u00adson gespe\u00adicherten per\u00adso\u00adn\u00aden\u00adbe\u00adzo\u00adge\u00adnen Dat\u00aden und eine Kopie dieser Auskun\u00adft zu erhal\u00adten. Fern\u00ader hat der Europ\u00e4is\u00adche Richtlin\u00adien- und Verord\u00adnungs\u00adge\u00adber der betrof\u00adfe\u00adnen Per\u00adson Auskun\u00adft \u00fcber fol\u00adgende Infor\u00adma\u00adtio\u00adnen zugestanden:<\/p>\n<ul>\n<li>die Ver\u00adar\u00adbeitungszwecke<\/li>\n<li>die Kat\u00ade\u00adgorien per\u00adso\u00adn\u00aden\u00adbe\u00adzo\u00adgen\u00ader Dat\u00aden, die ver\u00adar\u00adbeit\u00adet werden<\/li>\n<li>die Empf\u00e4nger oder Kat\u00ade\u00adgorien von Empf\u00e4ngern, gegen\u00fcber denen die per\u00adso\u00adn\u00aden\u00adbe\u00adzo\u00adge\u00adnen Dat\u00aden offen\u00adgelegt wor\u00adden sind oder noch offen\u00adgelegt wer\u00adden, ins\u00adbeson\u00addere bei Empf\u00e4ngern in Drit\u00adtl\u00e4n\u00addern oder bei inter\u00adna\u00adtionalen Organisationen<\/li>\n<li>falls m\u00f6glich die geplante Dauer, f\u00fcr die die per\u00adso\u00adn\u00aden\u00adbe\u00adzo\u00adge\u00adnen Dat\u00aden gespe\u00adichert wer\u00adden, oder, falls dies nicht m\u00f6glich ist, die Kri\u00adte\u00adrien f\u00fcr die Fes\u00adtle\u00adgung dieser Dauer<\/li>\n<li>das Beste\u00adhen eines Rechts auf Berich\u00adti\u00adgung oder L\u00f6schung der sie betr\u00ade\u00adf\u00adfend\u00aden per\u00adso\u00adn\u00aden\u00adbe\u00adzo\u00adge\u00adnen Dat\u00aden oder auf Ein\u00adschr\u00e4nkung der Ver\u00adar\u00adbeitung durch den Ver\u00adant\u00adwortlichen oder eines Wider\u00adspruch\u00adsrechts gegen diese Verarbeitung<\/li>\n<li>das Beste\u00adhen eines Beschw\u00aderderechts bei ein\u00ader Aufsichtsbeh\u00f6rde<\/li>\n<li>wenn die per\u00adso\u00adn\u00aden\u00adbe\u00adzo\u00adge\u00adnen Dat\u00aden nicht bei der betrof\u00adfe\u00adnen Per\u00adson erhoben wer\u00adden: Alle ver\u00adf\u00fcg\u00adbaren Infor\u00adma\u00adtio\u00adnen \u00fcber die Herkun\u00adft der&nbsp;Daten<\/li>\n<li>das Beste\u00adhen ein\u00ader automa\u00adtisierten Entschei\u00addungs\u00adfind\u00adung ein\u00adschlie\u00dflich Pro\u00adfil\u00ading gem\u00e4\u00df Artikel 22 Abs.1 und 4 <span class=\"caps\">DS-GVO<\/span> und \u2014 zumin\u00add\u00adest in diesen F\u00e4llen \u2014 aus\u00adsagekr\u00e4ftige Infor\u00adma\u00adtio\u00adnen \u00fcber die involvierte Logik sowie die Trag\u00adweite und die angestrebten Auswirkun\u00adgen ein\u00ader der\u00adar\u00adti\u00adgen Ver\u00adar\u00adbeitung f\u00fcr die betrof\u00adfene Person<\/li>\n<\/ul>\n<p>Fern\u00ader ste\u00adht der betrof\u00adfe\u00adnen Per\u00adson ein Auskun\u00adft\u00adsrecht dar\u00fcber zu, ob per\u00adso\u00adn\u00aden\u00adbe\u00adzo\u00adgene Dat\u00aden an ein Drit\u00adt\u00adland oder an eine inter\u00adna\u00adtionale Organ\u00adi\u00adsa\u00adtion \u00fcber\u00admit\u00adtelt wur\u00adden. Sofern dies der Fall ist, so ste\u00adht der betrof\u00adfe\u00adnen Per\u00adson im \u00dcbri\u00adgen das Recht zu, Auskun\u00adft \u00fcber die geeigneten Garantien im Zusam\u00admen\u00adhang mit der \u00dcber\u00admit\u00adtlung zu erhalten.<\/p>\n<p>M\u00f6chte eine betrof\u00adfene Per\u00adson dieses Auskun\u00adft\u00adsrecht in Anspruch nehmen, kann sie sich hierzu jed\u00aderzeit an einen Mitar\u00adbeit\u00ader des f\u00fcr die Ver\u00adar\u00adbeitung Ver\u00adant\u00adwortlichen wenden.<\/p><\/li>\n<li>\n<h4 style=\"margin: 0px 0px 20px; padding: 0px; border: 0px currentColor; color: #333333; text-transform: none; line-height: 1.4; font-family: -apple-system, BlinkMacSystemFont, 'Segoe UI', Roboto, 'Helvetica Neue', Arial, sans-serif; font-size: 16px; font-style: inherit; font-variant: inherit; font-weight: 400; vertical-align: baseline; font-stretch: inherit;\">c)&nbsp;&nbsp;&nbsp; Recht auf Berichtigung<\/h4>\n<p>Jede von der Ver\u00adar\u00adbeitung per\u00adso\u00adn\u00aden\u00adbe\u00adzo\u00adgen\u00ader Dat\u00aden betrof\u00adfene Per\u00adson hat das vom Europ\u00e4is\u00adchen Richtlin\u00adien- und Verord\u00adnungs\u00adge\u00adber gew\u00e4hrte Recht, die unverz\u00fcgliche Berich\u00adti\u00adgung sie betr\u00ade\u00adf\u00adfend\u00ader unrichtiger per\u00adso\u00adn\u00aden\u00adbe\u00adzo\u00adgen\u00ader Dat\u00aden zu ver\u00adlan\u00adgen. Fern\u00ader ste\u00adht der betrof\u00adfe\u00adnen Per\u00adson das Recht zu, unter Ber\u00fcck\u00adsich\u00adti\u00adgung der Zwecke der Ver\u00adar\u00adbeitung, die Ver\u00advoll\u00adst\u00e4ndi\u00adgung unvoll\u00adst\u00e4ndi\u00adger per\u00adso\u00adn\u00aden\u00adbe\u00adzo\u00adgen\u00ader Dat\u00aden \u2014 auch mit\u00adtels ein\u00ader erg\u00e4nzen\u00adden Erk\u00adl\u00e4rung \u2014 zu verlangen.<\/p>\n<p>M\u00f6chte eine betrof\u00adfene Per\u00adson dieses Berich\u00adti\u00adgungsrecht in Anspruch nehmen, kann sie sich hierzu jed\u00aderzeit an einen Mitar\u00adbeit\u00ader des f\u00fcr die Ver\u00adar\u00adbeitung Ver\u00adant\u00adwortlichen wenden.<\/p><\/li>\n<li>\n<h4 style=\"margin: 0px 0px 20px; padding: 0px; border: 0px currentColor; color: #333333; text-transform: none; line-height: 1.4; font-family: -apple-system, BlinkMacSystemFont, 'Segoe UI', Roboto, 'Helvetica Neue', Arial, sans-serif; font-size: 16px; font-style: inherit; font-variant: inherit; font-weight: 400; vertical-align: baseline; font-stretch: inherit;\">d)&nbsp;&nbsp;&nbsp; Recht auf L\u00f6schung (Recht auf Vergessen werden)<\/h4>\n<p>Jede von der Ver\u00adar\u00adbeitung per\u00adso\u00adn\u00aden\u00adbe\u00adzo\u00adgen\u00ader Dat\u00aden betrof\u00adfene Per\u00adson hat das vom Europ\u00e4is\u00adchen Richtlin\u00adien- und Verord\u00adnungs\u00adge\u00adber gew\u00e4hrte Recht, von dem Ver\u00adant\u00adwortlichen zu ver\u00adlan\u00adgen, dass die sie betr\u00ade\u00adf\u00adfend\u00aden per\u00adso\u00adn\u00aden\u00adbe\u00adzo\u00adge\u00adnen Dat\u00aden unverz\u00fcglich gel\u00f6scht wer\u00adden, sofern ein\u00ader der fol\u00adgen\u00adden Gr\u00fcnde zutrifft und soweit die Ver\u00adar\u00adbeitung nicht erforder\u00adlich&nbsp;ist:<\/p>\n<ul>\n<li>Die per\u00adso\u00adn\u00aden\u00adbe\u00adzo\u00adge\u00adnen Dat\u00aden wur\u00adden f\u00fcr solche Zwecke erhoben oder auf son\u00adstige Weise ver\u00adar\u00adbeit\u00adet, f\u00fcr welche sie nicht mehr notwendig sind.<\/li>\n<li>Die betrof\u00adfene Per\u00adson wider\u00adruft ihre Ein\u00adwilli\u00adgung, auf die sich die Ver\u00adar\u00adbeitung gem\u00e4\u00df Art. 6 Abs. 1 Buch\u00adstabe a <span class=\"caps\">DS-GVO<\/span> oder Art. 9 Abs. 2 Buch\u00adstabe a <span class=\"caps\">DS-GVO<\/span> st\u00fctzte, und es fehlt an ein\u00ader ander\u00adweit\u00adi\u00adgen Rechts\u00adgrund\u00adlage f\u00fcr die Verarbeitung.<\/li>\n<li>Die betrof\u00adfene Per\u00adson legt gem\u00e4\u00df Art. 21 Abs. 1 <span class=\"caps\">DS-GVO<\/span> Wider\u00adspruch gegen die Ver\u00adar\u00adbeitung ein, und es liegen keine vor\u00adrangi\u00adgen berechtigten Gr\u00fcnde f\u00fcr die Ver\u00adar\u00adbeitung vor, oder die betrof\u00adfene Per\u00adson legt gem\u00e4\u00df Art. 21 Abs. 2 <span class=\"caps\">DS-GVO<\/span> Wider\u00adspruch gegen die Ver\u00adar\u00adbeitung ein.<\/li>\n<li>Die per\u00adso\u00adn\u00aden\u00adbe\u00adzo\u00adge\u00adnen Dat\u00aden wur\u00adden unrecht\u00adm\u00e4\u00dfig verarbeitet.<\/li>\n<li>Die L\u00f6schung der per\u00adso\u00adn\u00aden\u00adbe\u00adzo\u00adge\u00adnen Dat\u00aden ist zur Erf\u00fcl\u00adlung ein\u00ader rechtlichen Verpflich\u00adtung nach dem Union\u00adsrecht oder dem Recht der Mit\u00adglied\u00adstaat\u00aden erforder\u00adlich, dem der Ver\u00adant\u00adwortliche unterliegt.<\/li>\n<li>Die per\u00adso\u00adn\u00aden\u00adbe\u00adzo\u00adge\u00adnen Dat\u00aden wur\u00adden in Bezug auf ange\u00adbotene Dien\u00adste der Infor\u00adma\u00adtion\u00ads\u00adge\u00adsellschaft gem\u00e4\u00df Art. 8 Abs. 1 <span class=\"caps\">DS-GVO<\/span> erhoben.<\/li>\n<\/ul>\n<p>Sofern ein\u00ader der oben genan\u00adnten Gr\u00fcnde zutrifft und eine betrof\u00adfene Per\u00adson die L\u00f6schung von per\u00adso\u00adn\u00aden\u00adbe\u00adzo\u00adge\u00adnen Dat\u00aden, die bei der Fam\u00adi\u00adlie Lisa und Valentin Kecht gespe\u00adichert sind, ver\u00adan\u00adlassen m\u00f6chte, kann sie sich hierzu jed\u00aderzeit an einen Mitar\u00adbeit\u00ader des f\u00fcr die Ver\u00adar\u00adbeitung Ver\u00adant\u00adwortlichen wen\u00adden. Der Mitar\u00adbeit\u00ader der Fam\u00adi\u00adlie Lisa und Valentin Kecht wird ver\u00adan\u00adlassen, dass dem L\u00f6schver\u00adlan\u00adgen unverz\u00fcglich nachgekom\u00admen&nbsp;wird.<\/p>\n<p>Wur\u00adden die per\u00adso\u00adn\u00aden\u00adbe\u00adzo\u00adge\u00adnen Dat\u00aden von der Fam\u00adi\u00adlie Lisa und Valentin Kecht \u00f6ffentlich gemacht und ist unser Unternehmen als Ver\u00adant\u00adwortlich\u00ader gem\u00e4\u00df Art. 17 Abs. 1 <span class=\"caps\">DS-GVO<\/span> zur L\u00f6schung der per\u00adso\u00adn\u00aden\u00adbe\u00adzo\u00adge\u00adnen Dat\u00aden verpflichtet, so trifft die Fam\u00adi\u00adlie Lisa und Valentin Kecht unter Ber\u00fcck\u00adsich\u00adti\u00adgung der ver\u00adf\u00fcg\u00adbaren Tech\u00adnolo\u00adgie und der Imple\u00admen\u00adtierungskosten angemessene Ma\u00df\u00adnah\u00admen, auch tech\u00adnis\u00adch\u00ader Art, um andere f\u00fcr die Daten\u00adver\u00adar\u00adbeitung Ver\u00adant\u00adwortliche, welche die ver\u00f6f\u00adfentlicht\u00aden per\u00adso\u00adn\u00aden\u00adbe\u00adzo\u00adge\u00adnen Dat\u00aden ver\u00adar\u00adbeit\u00aden, dar\u00fcber in Ken\u00adnt\u00adnis zu set\u00adzen, dass die betrof\u00adfene Per\u00adson von diesen anderen f\u00fcr die Daten\u00adver\u00adar\u00adbeitung Ver\u00adant\u00adwortlichen die L\u00f6schung s\u00e4mtlich\u00ader Links zu diesen per\u00adso\u00adn\u00aden\u00adbe\u00adzo\u00adge\u00adnen Dat\u00aden oder von Kopi\u00aden oder Rep\u00adlika\u00adtio\u00adnen dieser per\u00adso\u00adn\u00aden\u00adbe\u00adzo\u00adge\u00adnen Dat\u00aden ver\u00adlangt hat, soweit die Ver\u00adar\u00adbeitung nicht erforder\u00adlich ist. Der Mitar\u00adbeit\u00ader der Fam\u00adi\u00adlie Lisa und Valentin Kecht wird im Einzelfall das Notwendi\u00adge veranlassen.<\/p><\/li>\n<li>\n<h4 style=\"margin: 0px 0px 20px; padding: 0px; border: 0px currentColor; color: #333333; text-transform: none; line-height: 1.4; font-family: -apple-system, BlinkMacSystemFont, 'Segoe UI', Roboto, 'Helvetica Neue', Arial, sans-serif; font-size: 16px; font-style: inherit; font-variant: inherit; font-weight: 400; vertical-align: baseline; font-stretch: inherit;\">e)&nbsp;&nbsp;&nbsp; Recht auf Einschr\u00e4nkung der Verarbeitung<\/h4>\n<p>Jede von der Ver\u00adar\u00adbeitung per\u00adso\u00adn\u00aden\u00adbe\u00adzo\u00adgen\u00ader Dat\u00aden betrof\u00adfene Per\u00adson hat das vom Europ\u00e4is\u00adchen Richtlin\u00adien- und Verord\u00adnungs\u00adge\u00adber gew\u00e4hrte Recht, von dem Ver\u00adant\u00adwortlichen die Ein\u00adschr\u00e4nkung der Ver\u00adar\u00adbeitung zu ver\u00adlan\u00adgen, wenn eine der fol\u00adgen\u00adden Voraus\u00adset\u00adzun\u00adgen gegeben ist:<\/p>\n<ul>\n<li>Die Richtigkeit der per\u00adso\u00adn\u00aden\u00adbe\u00adzo\u00adge\u00adnen Dat\u00aden wird von der betrof\u00adfe\u00adnen Per\u00adson bestrit\u00adten, und zwar f\u00fcr eine Dauer, die es dem Ver\u00adant\u00adwortlichen erm\u00f6glicht, die Richtigkeit der per\u00adso\u00adn\u00aden\u00adbe\u00adzo\u00adge\u00adnen Dat\u00aden zu \u00fcberpr\u00fcfen.<\/li>\n<li>Die Ver\u00adar\u00adbeitung ist unrecht\u00adm\u00e4\u00dfig, die betrof\u00adfene Per\u00adson lehnt die L\u00f6schung der per\u00adso\u00adn\u00aden\u00adbe\u00adzo\u00adge\u00adnen Dat\u00aden ab und ver\u00adlangt stattdessen die Ein\u00adschr\u00e4nkung der Nutzung der per\u00adso\u00adn\u00aden\u00adbe\u00adzo\u00adge\u00adnen&nbsp;Daten.<\/li>\n<li>Der Ver\u00adant\u00adwortliche ben\u00f6tigt die per\u00adso\u00adn\u00aden\u00adbe\u00adzo\u00adge\u00adnen Dat\u00aden f\u00fcr die Zwecke der Ver\u00adar\u00adbeitung nicht l\u00e4nger, die betrof\u00adfene Per\u00adson ben\u00f6tigt sie jedoch zur Gel\u00adtend\u00admachung, Aus\u00fcbung oder Vertei\u00addi\u00adgung von Rechtsanspr\u00fcchen.<\/li>\n<li>Die betrof\u00adfene Per\u00adson hat Wider\u00adspruch gegen die Ver\u00adar\u00adbeitung gem. Art. 21 Abs. 1 <span class=\"caps\">DS-GVO<\/span> ein\u00adgelegt und es ste\u00adht noch nicht fest, ob die berechtigten Gr\u00fcnde des Ver\u00adant\u00adwortlichen gegen\u00fcber denen der betrof\u00adfe\u00adnen Per\u00adson \u00fcberwiegen.<\/li>\n<\/ul>\n<p>Sofern eine der oben genan\u00adnten Voraus\u00adset\u00adzun\u00adgen gegeben ist und eine betrof\u00adfene Per\u00adson die Ein\u00adschr\u00e4nkung von per\u00adso\u00adn\u00aden\u00adbe\u00adzo\u00adge\u00adnen Dat\u00aden, die bei der Fam\u00adi\u00adlie Lisa und Valentin Kecht gespe\u00adichert sind, ver\u00adlan\u00adgen m\u00f6chte, kann sie sich hierzu jed\u00aderzeit an einen Mitar\u00adbeit\u00ader des f\u00fcr die Ver\u00adar\u00adbeitung Ver\u00adant\u00adwortlichen wen\u00adden. Der Mitar\u00adbeit\u00ader der Fam\u00adi\u00adlie Lisa und Valentin Kecht wird die Ein\u00adschr\u00e4nkung der Ver\u00adar\u00adbeitung veranlassen.<\/p><\/li>\n<li>\n<h4 style=\"margin: 0px 0px 20px; padding: 0px; border: 0px currentColor; color: #333333; text-transform: none; line-height: 1.4; font-family: -apple-system, BlinkMacSystemFont, 'Segoe UI', Roboto, 'Helvetica Neue', Arial, sans-serif; font-size: 16px; font-style: inherit; font-variant: inherit; font-weight: 400; vertical-align: baseline; font-stretch: inherit;\">f)&nbsp;&nbsp;&nbsp;&nbsp; Recht auf Daten\u00fcbertragbarkeit<\/h4>\n<p>Jede von der Ver\u00adar\u00adbeitung per\u00adso\u00adn\u00aden\u00adbe\u00adzo\u00adgen\u00ader Dat\u00aden betrof\u00adfene Per\u00adson hat das vom Europ\u00e4is\u00adchen Richtlin\u00adien- und Verord\u00adnungs\u00adge\u00adber gew\u00e4hrte Recht, die sie betr\u00ade\u00adf\u00adfend\u00aden per\u00adso\u00adn\u00aden\u00adbe\u00adzo\u00adge\u00adnen Dat\u00aden, welche durch die betrof\u00adfene Per\u00adson einem Ver\u00adant\u00adwortlichen bere\u00adit\u00adgestellt wur\u00adden, in einem struk\u00adturi\u00aderten, g\u00e4ngi\u00adgen und maschi\u00adnen\u00adles\u00adbaren For\u00admat zu erhal\u00adten. Sie hat au\u00dfer\u00addem das Recht, diese Dat\u00aden einem anderen Ver\u00adant\u00adwortlichen ohne Behin\u00adderung durch den Ver\u00adant\u00adwortlichen, dem die per\u00adso\u00adn\u00aden\u00adbe\u00adzo\u00adge\u00adnen Dat\u00aden bere\u00adit\u00adgestellt wur\u00adden, zu \u00fcber\u00admit\u00adteln, sofern die Ver\u00adar\u00adbeitung auf der Ein\u00adwilli\u00adgung gem\u00e4\u00df Art. 6 Abs. 1 Buch\u00adstabe a <span class=\"caps\">DS-GVO<\/span> oder Art. 9 Abs. 2 Buch\u00adstabe a <span class=\"caps\">DS-GVO<\/span> oder auf einem Ver\u00adtrag gem\u00e4\u00df Art. 6 Abs. 1 Buch\u00adstabe b <span class=\"caps\">DS-GVO<\/span> beruht und die Ver\u00adar\u00adbeitung mith\u00adil\u00adfe automa\u00adtisiert\u00ader Ver\u00adfahren erfol\u00adgt, sofern die Ver\u00adar\u00adbeitung nicht f\u00fcr die Wahrnehmung ein\u00ader Auf\u00adgabe erforder\u00adlich ist, die im \u00f6ffentlichen Inter\u00adesse liegt oder in Aus\u00fcbung \u00f6ffentlich\u00ader Gewalt erfol\u00adgt, welche dem Ver\u00adant\u00adwortlichen \u00fcber\u00adtra\u00adgen&nbsp;wurde.<\/p>\n<p>Fern\u00ader hat die betrof\u00adfene Per\u00adson bei der Aus\u00fcbung ihres Rechts auf Daten\u00fcber\u00adtrag\u00adbarkeit gem\u00e4\u00df Art. 20 Abs. 1 <span class=\"caps\">DS-GVO<\/span> das Recht, zu erwirken, dass die per\u00adso\u00adn\u00aden\u00adbe\u00adzo\u00adge\u00adnen Dat\u00aden direkt von einem Ver\u00adant\u00adwortlichen an einen anderen Ver\u00adant\u00adwortlichen \u00fcber\u00admit\u00adtelt wer\u00adden, soweit dies tech\u00adnisch mach\u00adbar ist und sofern hier\u00advon nicht die Rechte und Frei\u00adheit\u00aden ander\u00ader Per\u00adso\u00adn\u00aden beein\u00adtr\u00e4chtigt werden.<\/p>\n<p>Zur Gel\u00adtend\u00admachung des Rechts auf Daten\u00fcber\u00adtrag\u00adbarkeit kann sich die betrof\u00adfene Per\u00adson jed\u00aderzeit an einen Mitar\u00adbeit\u00ader der Fam\u00adi\u00adlie Lisa und Valentin Kecht wenden.<\/p><\/li>\n<li>\n<h4 style=\"margin: 0px 0px 20px; padding: 0px; border: 0px currentColor; color: #333333; text-transform: none; line-height: 1.4; font-family: -apple-system, BlinkMacSystemFont, 'Segoe UI', Roboto, 'Helvetica Neue', Arial, sans-serif; font-size: 16px; font-style: inherit; font-variant: inherit; font-weight: 400; vertical-align: baseline; font-stretch: inherit;\">g)&nbsp;&nbsp;&nbsp; Recht auf Widerspruch<\/h4>\n<p>Jede von der Ver\u00adar\u00adbeitung per\u00adso\u00adn\u00aden\u00adbe\u00adzo\u00adgen\u00ader Dat\u00aden betrof\u00adfene Per\u00adson hat das vom Europ\u00e4is\u00adchen Richtlin\u00adien- und Verord\u00adnungs\u00adge\u00adber gew\u00e4hrte Recht, aus Gr\u00fcn\u00adden, die sich aus ihrer beson\u00adderen Sit\u00adu\u00ada\u00adtion ergeben, jed\u00aderzeit gegen die Ver\u00adar\u00adbeitung sie betr\u00ade\u00adf\u00adfend\u00ader per\u00adso\u00adn\u00aden\u00adbe\u00adzo\u00adgen\u00ader Dat\u00aden, die auf\u00adgrund von Art. 6 Abs. 1 Buch\u00adstaben e oder f <span class=\"caps\">DS-GVO<\/span> erfol\u00adgt, Wider\u00adspruch einzule\u00adgen. Dies gilt auch f\u00fcr ein auf diese Bes\u00adtim\u00admungen gest\u00fctztes Profiling.<\/p>\n<p>Die Fam\u00adi\u00adlie Lisa und Valentin Kecht ver\u00adar\u00adbeit\u00adet die per\u00adso\u00adn\u00aden\u00adbe\u00adzo\u00adge\u00adnen Dat\u00aden im Falle des Wider\u00adspruchs nicht mehr, es sei denn, wir k\u00f6n\u00adnen zwin\u00adgende schutzw\u00fcrdi\u00adge Gr\u00fcnde f\u00fcr die Ver\u00adar\u00adbeitung nach\u00adweisen, die den Inter\u00adessen, Recht\u00aden und Frei\u00adheit\u00aden der betrof\u00adfe\u00adnen Per\u00adson \u00fcber\u00adwiegen, oder die Ver\u00adar\u00adbeitung dient der Gel\u00adtend\u00admachung, Aus\u00fcbung oder Vertei\u00addi\u00adgung von Rechtsanspr\u00fcchen.<\/p>\n<p>Ver\u00adar\u00adbeit\u00adet die Fam\u00adi\u00adlie Lisa und Valentin Kecht per\u00adso\u00adn\u00aden\u00adbe\u00adzo\u00adgene Dat\u00aden, um Direk\u00adtwer\u00adbung zu betreiben, so hat die betrof\u00adfene Per\u00adson das Recht, jed\u00aderzeit Wider\u00adspruch gegen die Ver\u00adar\u00adbeitung der per\u00adso\u00adn\u00aden\u00adbe\u00adzo\u00adge\u00adnen Dat\u00aden zum Zwecke der\u00adar\u00adtiger Wer\u00adbung einzule\u00adgen. Dies gilt auch f\u00fcr das Pro\u00adfil\u00ading, soweit es mit solch\u00ader Direk\u00adtwer\u00adbung in Verbindung ste\u00adht. Wider\u00adspricht die betrof\u00adfene Per\u00adson gegen\u00fcber der Fam\u00adi\u00adlie Lisa und Valentin Kecht der Ver\u00adar\u00adbeitung f\u00fcr Zwecke der Direk\u00adtwer\u00adbung, so wird die Fam\u00adi\u00adlie Lisa und Valentin Kecht die per\u00adso\u00adn\u00aden\u00adbe\u00adzo\u00adge\u00adnen Dat\u00aden nicht mehr f\u00fcr diese Zwecke verarbeiten.<\/p>\n<p>Zudem hat die betrof\u00adfene Per\u00adson das Recht, aus Gr\u00fcn\u00adden, die sich aus ihrer beson\u00adderen Sit\u00adu\u00ada\u00adtion ergeben, gegen die sie betr\u00ade\u00adf\u00adfende Ver\u00adar\u00adbeitung per\u00adso\u00adn\u00aden\u00adbe\u00adzo\u00adgen\u00ader Dat\u00aden, die bei der Fam\u00adi\u00adlie Lisa und Valentin Kecht zu wis\u00adsenschaftlichen oder his\u00adtorischen Forschungszweck\u00aden oder zu sta\u00adtis\u00adtis\u00adchen Zweck\u00aden gem\u00e4\u00df Art. 89 Abs. 1 <span class=\"caps\">DS-GVO<\/span> erfol\u00adgen, Wider\u00adspruch einzule\u00adgen, es sei denn, eine solche Ver\u00adar\u00adbeitung ist zur Erf\u00fcl\u00adlung ein\u00ader im \u00f6ffentlichen Inter\u00adesse liegen\u00adden Auf\u00adgabe erforderlich.<\/p>\n<p>Zur Aus\u00fcbung des Rechts auf Wider\u00adspruch kann sich die betrof\u00adfene Per\u00adson direkt jeden Mitar\u00adbeit\u00ader der Fam\u00adi\u00adlie Lisa und Valentin Kecht oder einen anderen Mitar\u00adbeit\u00ader wen\u00adden. Der betrof\u00adfe\u00adnen Per\u00adson ste\u00adht es fern\u00ader frei, im Zusam\u00admen\u00adhang mit der Nutzung von Dien\u00adsten der Infor\u00adma\u00adtion\u00ads\u00adge\u00adsellschaft, ungeachtet der Richtlin\u00adie 2002\/58\/<span class=\"caps\">EG<\/span>, ihr Wider\u00adspruch\u00adsrecht mit\u00adtels automa\u00adtisiert\u00ader Ver\u00adfahren auszu\u00fcben, bei denen tech\u00adnis\u00adche Spez\u00adi\u00adfika\u00adtio\u00adnen ver\u00adwen\u00addet werden.<\/p><\/li>\n<li>\n<h4 style=\"margin: 0px 0px 20px; padding: 0px; border: 0px currentColor; color: #333333; text-transform: none; line-height: 1.4; font-family: -apple-system, BlinkMacSystemFont, 'Segoe UI', Roboto, 'Helvetica Neue', Arial, sans-serif; font-size: 16px; font-style: inherit; font-variant: inherit; font-weight: 400; vertical-align: baseline; font-stretch: inherit;\">h)&nbsp;&nbsp;&nbsp; Automatisierte Entscheidungen im Einzelfall einschlie\u00dflich Profiling<\/h4>\n<p>Jede von der Ver\u00adar\u00adbeitung per\u00adso\u00adn\u00aden\u00adbe\u00adzo\u00adgen\u00ader Dat\u00aden betrof\u00adfene Per\u00adson hat das vom Europ\u00e4is\u00adchen Richtlin\u00adien- und Verord\u00adnungs\u00adge\u00adber gew\u00e4hrte Recht, nicht ein\u00ader auss\u00adchlie\u00dflich auf ein\u00ader automa\u00adtisierten Ver\u00adar\u00adbeitung \u2014 ein\u00adschlie\u00dflich Pro\u00adfil\u00ading \u2014 beruhen\u00adden Entschei\u00addung unter\u00adwor\u00adfen zu wer\u00adden, die ihr gegen\u00fcber rechtliche Wirkung ent\u00adfal\u00adtet oder sie in \u00e4hn\u00adlich\u00ader Weise erhe\u00adblich beein\u00adtr\u00e4chtigt, sofern die Entschei\u00addung (1) nicht f\u00fcr den Abschluss oder die Erf\u00fcl\u00adlung eines Ver\u00adtrags zwis\u00adchen der betrof\u00adfe\u00adnen Per\u00adson und dem Ver\u00adant\u00adwortlichen erforder\u00adlich ist, oder (2) auf\u00adgrund von Rechtsvorschriften der Union oder der Mit\u00adglied\u00adstaat\u00aden, denen der Ver\u00adant\u00adwortliche unter\u00adliegt, zul\u00e4s\u00adsig ist und diese Rechtsvorschriften angemessene Ma\u00df\u00adnah\u00admen zur Wahrung der Rechte und Frei\u00adheit\u00aden sowie der berechtigten Inter\u00adessen der betrof\u00adfe\u00adnen Per\u00adson enthal\u00adten oder (3) mit aus\u00addr\u00fcck\u00adlich\u00ader Ein\u00adwilli\u00adgung der betrof\u00adfe\u00adnen Per\u00adson erfolgt.<\/p>\n<p>Ist die Entschei\u00addung (1) f\u00fcr den Abschluss oder die Erf\u00fcl\u00adlung eines Ver\u00adtrags zwis\u00adchen der betrof\u00adfe\u00adnen Per\u00adson und dem Ver\u00adant\u00adwortlichen erforder\u00adlich oder (2) erfol\u00adgt sie mit aus\u00addr\u00fcck\u00adlich\u00ader Ein\u00adwilli\u00adgung der betrof\u00adfe\u00adnen Per\u00adson, trifft die Fam\u00adi\u00adlie Lisa und Valentin Kecht angemessene Ma\u00df\u00adnah\u00admen, um die Rechte und Frei\u00adheit\u00aden sowie die berechtigten Inter\u00adessen der betrof\u00adfe\u00adnen Per\u00adson zu wahren, wozu min\u00addestens das Recht auf Erwirkung des Ein\u00adgreifens ein\u00ader Per\u00adson seit\u00adens des Ver\u00adant\u00adwortlichen, auf Dar\u00adlegung des eige\u00adnen Stand\u00adpunk\u00adts und auf Anfech\u00adtung der Entschei\u00addung geh\u00f6rt.<\/p>\n<p>M\u00f6chte die betrof\u00adfene Per\u00adson Rechte mit Bezug auf automa\u00adtisierte Entschei\u00addun\u00adgen gel\u00adtend machen, kann sie sich hierzu jed\u00aderzeit an einen Mitar\u00adbeit\u00ader des f\u00fcr die Ver\u00adar\u00adbeitung Ver\u00adant\u00adwortlichen wenden.<\/p><\/li>\n<li>\n<h4 style=\"margin: 0px 0px 20px; padding: 0px; border: 0px currentColor; color: #333333; text-transform: none; line-height: 1.4; font-family: -apple-system, BlinkMacSystemFont, 'Segoe UI', Roboto, 'Helvetica Neue', Arial, sans-serif; font-size: 16px; font-style: inherit; font-variant: inherit; font-weight: 400; vertical-align: baseline; font-stretch: inherit;\">i)&nbsp;&nbsp;&nbsp;&nbsp;&nbsp; Recht auf Widerruf einer datenschutzrechtlichen Einwilligung<\/h4>\n<p>Jede von der Ver\u00adar\u00adbeitung per\u00adso\u00adn\u00aden\u00adbe\u00adzo\u00adgen\u00ader Dat\u00aden betrof\u00adfene Per\u00adson hat das vom Europ\u00e4is\u00adchen Richtlin\u00adien- und Verord\u00adnungs\u00adge\u00adber gew\u00e4hrte Recht, eine Ein\u00adwilli\u00adgung zur Ver\u00adar\u00adbeitung per\u00adso\u00adn\u00aden\u00adbe\u00adzo\u00adgen\u00ader Dat\u00aden jed\u00aderzeit zu widerrufen.<\/p>\n<p>M\u00f6chte die betrof\u00adfene Per\u00adson ihr Recht auf Wider\u00adruf ein\u00ader Ein\u00adwilli\u00adgung gel\u00adtend machen, kann sie sich hierzu jed\u00aderzeit an einen Mitar\u00adbeit\u00ader des f\u00fcr die Ver\u00adar\u00adbeitung Ver\u00adant\u00adwortlichen wenden.<\/p><\/li>\n<\/ul>\n<h4 style=\"margin: 0px 0px 20px; padding: 0px; border: 0px currentColor; color: #333333; text-transform: none; line-height: 1.4; text-indent: 0px; letter-spacing: normal; font-family: -apple-system, BlinkMacSystemFont, 'Segoe UI', Roboto, 'Helvetica Neue', Arial, sans-serif; font-size: 16px; font-style: normal; font-weight: 400; word-spacing: 0px; vertical-align: baseline; white-space: normal; orphans: 2; widows: 2; font-stretch: inherit; background-color: #ffffff; font-variant-ligatures: normal; font-variant-caps: normal; font-variant-numeric: inherit; font-variant-east-asian: inherit; -webkit-text-stroke-width: 0px; text-decoration-style: initial; text-decoration-color: initial;\">9. Datenschutzbestimmungen zu Einsatz und Verwendung von Facebook<\/h4>\n<p>Der f\u00fcr die Ver\u00adar\u00adbeitung Ver\u00adant\u00adwortliche hat auf dieser Inter\u00adnet\u00adseite Kom\u00adpo\u00adnen\u00adten des Unternehmens Face\u00adbook inte\u00adgri\u00adert. Face\u00adbook ist ein soziales Netzwerk.<\/p>\n<p>Ein soziales Net\u00adzw\u00aderk ist ein im Inter\u00adnet betrieben\u00ader sozialer Tre\u00adff\u00adpunkt, eine Online-Gemein\u00adschaft, die es den Nutzern in der Regel erm\u00f6glicht, untere\u00adinan\u00adder zu kom\u00admu\u00adnizieren und im virtuellen Raum zu inter\u00adagieren. Ein soziales Net\u00adzw\u00aderk kann als Plat\u00adtform zum Aus\u00adtausch von Mei\u00adn\u00adun\u00adgen und Erfahrun\u00adgen dienen oder erm\u00f6glicht es der Inter\u00adnet\u00adge\u00admein\u00adschaft, per\u00ads\u00f6n\u00adliche oder unternehmens\u00adbe\u00adzo\u00adgene Infor\u00adma\u00adtio\u00adnen bere\u00aditzustellen. Face\u00adbook erm\u00f6glicht den Nutzern des sozialen Net\u00adzw\u00aderkes unter anderem die Erstel\u00adlung von pri\u00advat\u00aden Pro\u00adfilen, den Upload von Fotos und eine Ver\u00adnet\u00adzung \u00fcber Freundschaftsanfragen.<\/p>\n<p>Betreiberge\u00adsellschaft von Face\u00adbook ist die Face\u00adbook, Inc., 1 Hack\u00ader Way, Men\u00adlo Park, <span class=\"caps\">CA<\/span> 94025, <span class=\"caps\">USA<\/span>. F\u00fcr die Ver\u00adar\u00adbeitung per\u00adso\u00adn\u00aden\u00adbe\u00adzo\u00adgen\u00ader Dat\u00aden Ver\u00adant\u00adwortlich\u00ader ist, wenn eine betrof\u00adfene Per\u00adson au\u00dfer\u00adhalb der <span class=\"caps\">USA<\/span> oder Kana\u00adda lebt, die Face\u00adbook Ire\u00adland Ltd., 4 Grand Canal Square, Grand Canal Har\u00adbour, Dublin 2, Ireland.<\/p>\n<p>Durch jeden Aufruf ein\u00ader der Einzel\u00adseit\u00aden dieser Inter\u00adnet\u00adseite, die durch den f\u00fcr die Ver\u00adar\u00adbeitung Ver\u00adant\u00adwortlichen betrieben wird und auf welch\u00ader eine Face\u00adbook-Kom\u00adpo\u00adnente (Face\u00adbook-Plug-In) inte\u00adgri\u00adert wurde, wird der Inter\u00adnet\u00adbrows\u00ader auf dem infor\u00adma\u00adtion\u00adstech\u00adnol\u00ado\u00adgis\u00adchen Sys\u00adtem der betrof\u00adfe\u00adnen Per\u00adson automa\u00adtisch durch die jew\u00adeilige Face\u00adbook-Kom\u00adpo\u00adnente ver\u00adan\u00adlasst, eine Darstel\u00adlung der entsprechen\u00adden Face\u00adbook-Kom\u00adpo\u00adnente von Face\u00adbook herun\u00adterzu\u00adladen. Eine Gesamt\u00fcber\u00adsicht \u00fcber alle Face\u00adbook-Plug-Ins kann unter https:\/\/developers.facebook.com\/docs\/plugins\/?locale=de_DE abgerufen wer\u00adden. Im Rah\u00admen dieses tech\u00adnis\u00adchen Ver\u00adfahrens erh\u00e4lt Face\u00adbook Ken\u00adnt\u00adnis dar\u00fcber, welche konkrete Unter\u00adseite unser\u00ader Inter\u00adnet\u00adseite durch die betrof\u00adfene Per\u00adson besucht wird.<\/p>\n<p>Sofern die betrof\u00adfene Per\u00adson gle\u00adichzeit\u00adig bei Face\u00adbook ein\u00adgel\u00adog\u00adgt ist, erken\u00adnt Face\u00adbook mit jedem Aufruf unser\u00ader Inter\u00adnet\u00adseite durch die betrof\u00adfene Per\u00adson und w\u00e4hrend der gesamten Dauer des jew\u00adeili\u00adgen Aufen\u00adthaltes auf unser\u00ader Inter\u00adnet\u00adseite, welche konkrete Unter\u00adseite unser\u00ader Inter\u00adnet\u00adseite die betrof\u00adfene Per\u00adson besucht. Diese Infor\u00adma\u00adtio\u00adnen wer\u00adden durch die Face\u00adbook-Kom\u00adpo\u00adnente gesam\u00admelt und durch Face\u00adbook dem jew\u00adeili\u00adgen Face\u00adbook-Account der betrof\u00adfe\u00adnen Per\u00adson zuge\u00adord\u00adnet. Bet\u00e4tigt die betrof\u00adfene Per\u00adson einen der auf unser\u00ader Inter\u00adnet\u00adseite inte\u00adgri\u00aderten Face\u00adbook-But\u00adtons, beispiel\u00adsweise den \u201eGef\u00e4llt mir\u201c-Button, oder gibt die betrof\u00adfene Per\u00adson einen Kom\u00admen\u00adtar ab, ord\u00adnet Face\u00adbook diese Infor\u00adma\u00adtion dem per\u00ads\u00f6n\u00adlichen Face\u00adbook-Benutzerkon\u00adto der betrof\u00adfe\u00adnen Per\u00adson zu und spe\u00adichert diese per\u00adso\u00adn\u00aden\u00adbe\u00adzo\u00adge\u00adnen&nbsp;Daten.<\/p>\n<p>Face\u00adbook erh\u00e4lt \u00fcber die Face\u00adbook-Kom\u00adpo\u00adnente immer dann eine Infor\u00adma\u00adtion dar\u00fcber, dass die betrof\u00adfene Per\u00adson unsere Inter\u00adnet\u00adseite besucht hat, wenn die betrof\u00adfene Per\u00adson zum Zeit\u00adpunkt des Aufrufs unser\u00ader Inter\u00adnet\u00adseite gle\u00adichzeit\u00adig bei Face\u00adbook ein\u00adgel\u00adog\u00adgt ist; dies find\u00adet unab\u00adh\u00e4ngig davon statt, ob die betrof\u00adfene Per\u00adson die Face\u00adbook-Kom\u00adpo\u00adnente anklickt oder nicht. Ist eine der\u00adar\u00adtige \u00dcber\u00admit\u00adtlung dieser Infor\u00adma\u00adtio\u00adnen an Face\u00adbook von der betrof\u00adfe\u00adnen Per\u00adson nicht gewollt, kann diese die \u00dcber\u00admit\u00adtlung dadurch ver\u00adhin\u00addern, dass sie sich vor einem Aufruf unser\u00ader Inter\u00adnet\u00adseite aus ihrem Face\u00adbook-Account ausloggt.<\/p>\n<p>Die von Face\u00adbook ver\u00f6f\u00adfentlichte Daten\u00adrichtlin\u00adie, die unter https:\/\/de-de.facebook.com\/about\/privacy\/ abruf\u00adbar ist, gibt Auf\u00adschluss \u00fcber die Erhe\u00adbung, Ver\u00adar\u00adbeitung und Nutzung per\u00adso\u00adn\u00aden\u00adbe\u00adzo\u00adgen\u00ader Dat\u00aden durch Face\u00adbook. Fern\u00ader wird dort erl\u00e4utert, welche Ein\u00adstel\u00adlungsm\u00f6glichkeit\u00aden Face\u00adbook zum Schutz der Pri\u00advat\u00adsph\u00e4re der betrof\u00adfe\u00adnen Per\u00adson bietet. Zudem sind unter\u00adschiedliche App\u00adlika\u00adtio\u00adnen erh\u00e4ltlich, die es erm\u00f6glichen, eine Daten\u00fcber\u00admit\u00adtlung an Face\u00adbook zu unter\u00addr\u00fcck\u00aden. Solche App\u00adlika\u00adtio\u00adnen k\u00f6n\u00adnen durch die betrof\u00adfene Per\u00adson genutzt wer\u00adden, um eine Daten\u00fcber\u00admit\u00adtlung an Face\u00adbook zu unterdr\u00fccken.<\/p>\n<h4 style=\"margin: 0px 0px 20px; padding: 0px; border: 0px currentColor; color: #333333; text-transform: none; line-height: 1.4; text-indent: 0px; letter-spacing: normal; font-family: -apple-system, BlinkMacSystemFont, 'Segoe UI', Roboto, 'Helvetica Neue', Arial, sans-serif; font-size: 16px; font-style: normal; font-weight: 400; word-spacing: 0px; vertical-align: baseline; white-space: normal; orphans: 2; widows: 2; font-stretch: inherit; background-color: #ffffff; font-variant-ligatures: normal; font-variant-caps: normal; font-variant-numeric: inherit; font-variant-east-asian: inherit; -webkit-text-stroke-width: 0px; text-decoration-style: initial; text-decoration-color: initial;\">10. Datenschutzbestimmungen zu Einsatz und Verwendung von Google Analytics (mit Anonymisierungsfunktion)<\/h4>\n<p>Der f\u00fcr die Ver\u00adar\u00adbeitung Ver\u00adant\u00adwortliche hat auf dieser Inter\u00adnet\u00adseite die Kom\u00adpo\u00adnente Google Ana\u00adlyt\u00adics (mit Anonymisierungs\u00adfunk\u00adtion) inte\u00adgri\u00adert. Google Ana\u00adlyt\u00adics ist ein Web-Analyse-Dienst. Web-Analyse ist die Erhe\u00adbung, Samm\u00adlung und Auswer\u00adtung von Dat\u00aden \u00fcber das Ver\u00adhal\u00adten von Besuch\u00adern von Inter\u00adnet\u00adseit\u00aden. Ein Web-Analyse-Dienst erfasst unter anderem Dat\u00aden dar\u00fcber, von welch\u00ader Inter\u00adnet\u00adseite eine betrof\u00adfene Per\u00adson auf eine Inter\u00adnet\u00adseite gekom\u00admen ist (soge\u00adnan\u00adnte Refer\u00adrer), auf welche Unter\u00adseit\u00aden der Inter\u00adnet\u00adseite zuge\u00adgrif\u00adf\u00aden oder wie oft und f\u00fcr welche Ver\u00adweil\u00addauer eine Unter\u00adseite betra\u00adchtet wurde. Eine Web-Analyse wird \u00fcber\u00adwiegend zur Opti\u00admierung ein\u00ader Inter\u00adnet\u00adseite und zur Kosten-Nutzen-Analyse von Inter\u00adnetwer\u00adbung eingesetzt.<\/p>\n<p>Betreiberge\u00adsellschaft der Google-Ana\u00adlyt\u00adics-Kom\u00adpo\u00adnente ist die Google Inc., 1600 Amphithe\u00adatre Pkwy, Moun\u00adtain View, <span class=\"caps\">CA<\/span> 94043\u20131351, <span class=\"caps\">USA<\/span>.<\/p>\n<p>Der f\u00fcr die Ver\u00adar\u00adbeitung Ver\u00adant\u00adwortliche ver\u00adwen\u00addet f\u00fcr die Web-Analyse \u00fcber Google Ana\u00adlyt\u00adics den Zusatz \u201c_gat._anonymizeIp\u201d. Mit\u00adtels dieses Zusatzes wird die IP-Adresse des Inter\u00adne\u00adtan\u00adschlusses der betrof\u00adfe\u00adnen Per\u00adson von Google gek\u00fcrzt und anonymisiert, wenn der Zugriff auf unsere Inter\u00adnet\u00adseit\u00aden aus einem Mit\u00adglied\u00adstaat der Europ\u00e4is\u00adchen Union oder aus einem anderen Ver\u00adtragsstaat des Abkom\u00admens \u00fcber den Europ\u00e4is\u00adchen Wirtschaft\u00adsraum erfolgt.<\/p>\n<p>Der Zweck der Google-Ana\u00adlyt\u00adics-Kom\u00adpo\u00adnente ist die Analyse der Besuch\u00ader\u00adstr\u00f6me auf unser\u00ader Inter\u00adnet\u00adseite. Google nutzt die gewonnenen Dat\u00aden und Infor\u00adma\u00adtio\u00adnen unter anderem dazu, die Nutzung unser\u00ader Inter\u00adnet\u00adseite auszuw\u00aderten, um f\u00fcr uns Online-Reports, welche die Aktiv\u00adit\u00e4ten auf unseren Inter\u00adnet\u00adseit\u00aden aufzeigen, zusam\u00admen\u00adzustellen, und um weit\u00adere mit der Nutzung unser\u00ader Inter\u00adnet\u00adseite in Verbindung ste\u00adhende Dien\u00adstleis\u00adtun\u00adgen zu erbringen.<\/p>\n<p>Google Ana\u00adlyt\u00adics set\u00adzt ein Cook\u00adie auf dem infor\u00adma\u00adtion\u00adstech\u00adnol\u00ado\u00adgis\u00adchen Sys\u00adtem der betrof\u00adfe\u00adnen Per\u00adson. Was Cook\u00adies sind, wurde oben bere\u00adits erl\u00e4utert. Mit Set\u00adzung des Cook\u00adies wird Google eine Analyse der Benutzung unser\u00ader Inter\u00adnet\u00adseite erm\u00f6glicht. Durch jeden Aufruf ein\u00ader der Einzel\u00adseit\u00aden dieser Inter\u00adnet\u00adseite, die durch den f\u00fcr die Ver\u00adar\u00adbeitung Ver\u00adant\u00adwortlichen betrieben wird und auf welch\u00ader eine Google-Ana\u00adlyt\u00adics-Kom\u00adpo\u00adnente inte\u00adgri\u00adert wurde, wird der Inter\u00adnet\u00adbrows\u00ader auf dem infor\u00adma\u00adtion\u00adstech\u00adnol\u00ado\u00adgis\u00adchen Sys\u00adtem der betrof\u00adfe\u00adnen Per\u00adson automa\u00adtisch durch die jew\u00adeilige Google-Ana\u00adlyt\u00adics-Kom\u00adpo\u00adnente ver\u00adan\u00adlasst, Dat\u00aden zum Zwecke der Online-Analyse an Google zu \u00fcber\u00admit\u00adteln. Im Rah\u00admen dieses tech\u00adnis\u00adchen Ver\u00adfahrens erh\u00e4lt Google Ken\u00adnt\u00adnis \u00fcber per\u00adso\u00adn\u00aden\u00adbe\u00adzo\u00adgene Dat\u00aden, wie der IP-Adresse der betrof\u00adfe\u00adnen Per\u00adson, die Google unter anderem dazu dienen, die Herkun\u00adft der Besuch\u00ader und Klicks nachzu\u00advol\u00adlziehen und in der Folge Pro\u00advi\u00adsion\u00ads\u00adabrech\u00adnun\u00adgen zu erm\u00f6glichen.<\/p>\n<p>Mit\u00adtels des Cook\u00adies wer\u00adden per\u00adso\u00adn\u00aden\u00adbe\u00adzo\u00adgene Infor\u00adma\u00adtio\u00adnen, beispiel\u00adsweise die Zugriff\u00adszeit, der Ort, von welchem ein Zugriff aus\u00adging und die H\u00e4u\u00adfigkeit der Besuche unser\u00ader Inter\u00adnet\u00adseite durch die betrof\u00adfene Per\u00adson, gespe\u00adichert. Bei jedem Besuch unser\u00ader Inter\u00adnet\u00adseit\u00aden wer\u00adden diese per\u00adso\u00adn\u00aden\u00adbe\u00adzo\u00adge\u00adnen Dat\u00aden, ein\u00adschlie\u00dflich der IP-Adresse des von der betrof\u00adfe\u00adnen Per\u00adson genutzten Inter\u00adne\u00adtan\u00adschlusses, an Google in den Vere\u00adinigten Staat\u00aden von Ameri\u00adka \u00fcber\u00adtra\u00adgen. Diese per\u00adso\u00adn\u00aden\u00adbe\u00adzo\u00adge\u00adnen Dat\u00aden wer\u00adden durch Google in den Vere\u00adinigten Staat\u00aden von Ameri\u00adka gespe\u00adichert. Google gibt diese \u00fcber das tech\u00adnis\u00adche Ver\u00adfahren erhobe\u00adnen per\u00adso\u00adn\u00aden\u00adbe\u00adzo\u00adge\u00adnen Dat\u00aden unter Umst\u00e4n\u00adden an Dritte weiter.<\/p>\n<p>Die betrof\u00adfene Per\u00adson kann die Set\u00adzung von Cook\u00adies durch unsere Inter\u00adnet\u00adseite, wie oben bere\u00adits dargestellt, jed\u00aderzeit mit\u00adtels ein\u00ader entsprechen\u00adden Ein\u00adstel\u00adlung des genutzten Inter\u00adnet\u00adbrowsers ver\u00adhin\u00addern und damit der Set\u00adzung von Cook\u00adies dauer\u00adhaft wider\u00adsprechen. Eine solche Ein\u00adstel\u00adlung des genutzten Inter\u00adnet\u00adbrowsers w\u00fcrde auch ver\u00adhin\u00addern, dass Google ein Cook\u00adie auf dem infor\u00adma\u00adtion\u00adstech\u00adnol\u00ado\u00adgis\u00adchen Sys\u00adtem der betrof\u00adfe\u00adnen Per\u00adson set\u00adzt. Zudem kann ein von Google Ana\u00adlyt\u00adics bere\u00adits geset\u00adzter Cook\u00adie jed\u00aderzeit \u00fcber den Inter\u00adnet\u00adbrows\u00ader oder andere Soft\u00adware\u00adpro\u00adgramme gel\u00f6scht werden.<\/p>\n<p>Fern\u00ader beste\u00adht f\u00fcr die betrof\u00adfene Per\u00adson die M\u00f6glichkeit, ein\u00ader Erfas\u00adsung der durch Google Ana\u00adlyt\u00adics erzeugten, auf eine Nutzung dieser Inter\u00adnet\u00adseite bezo\u00adge\u00adnen Dat\u00aden sowie der Ver\u00adar\u00adbeitung dieser Dat\u00aden durch Google zu wider\u00adsprechen und eine solche zu ver\u00adhin\u00addern. Hierzu muss die betrof\u00adfene Per\u00adson ein Brows\u00ader-Add-On unter dem Link https:\/\/tools.google.com\/dlpage\/gaoptout herun\u00adter\u00adladen und instal\u00adlieren. Dieses Brows\u00ader-Add-On teilt Google Ana\u00adlyt\u00adics \u00fcber JavaScript mit, dass keine Dat\u00aden und Infor\u00adma\u00adtio\u00adnen zu den Besuchen von Inter\u00adnet\u00adseit\u00aden an Google Ana\u00adlyt\u00adics \u00fcber\u00admit\u00adtelt wer\u00adden d\u00fcr\u00adfen. Die Instal\u00adla\u00adtion des Brows\u00ader-Add-Ons wird von Google als Wider\u00adspruch gew\u00adertet. Wird das infor\u00adma\u00adtion\u00adstech\u00adnol\u00ado\u00adgis\u00adche Sys\u00adtem der betrof\u00adfe\u00adnen Per\u00adson zu einem sp\u00e4teren Zeit\u00adpunkt gel\u00f6scht, for\u00admatiert oder neu instal\u00adliert, muss durch die betrof\u00adfene Per\u00adson eine erneute Instal\u00adla\u00adtion des Brows\u00ader-Add-Ons erfol\u00adgen, um Google Ana\u00adlyt\u00adics zu deak\u00adtivieren. Sofern das Brows\u00ader-Add-On durch die betrof\u00adfene Per\u00adson oder ein\u00ader anderen Per\u00adson, die ihrem Macht\u00adbere\u00adich zuzurech\u00adnen ist, dein\u00adstal\u00adliert oder deak\u00adtiviert wird, beste\u00adht die M\u00f6glichkeit der Neuin\u00adstal\u00adla\u00adtion oder der erneuten Aktivierung des Browser-Add-Ons.<\/p>\n<p>Weit\u00adere Infor\u00adma\u00adtio\u00adnen und die gel\u00adtenden Daten\u00adschutzbes\u00adtim\u00admungen von Google k\u00f6n\u00adnen unter https:\/\/www.google.de\/intl\/de\/policies\/privacy\/ und unter http:\/\/www.google.com\/analytics\/terms\/de.html abgerufen wer\u00adden. Google Ana\u00adlyt\u00adics wird unter diesem Link https:\/\/www.google.com\/intl\/de_de\/analytics\/ genauer erl\u00e4utert.<\/p>\n<h4 style=\"margin: 0px 0px 20px; padding: 0px; border: 0px currentColor; color: #333333; text-transform: none; line-height: 1.4; text-indent: 0px; letter-spacing: normal; font-family: -apple-system, BlinkMacSystemFont, 'Segoe UI', Roboto, 'Helvetica Neue', Arial, sans-serif; font-size: 16px; font-style: normal; font-weight: 400; word-spacing: 0px; vertical-align: baseline; white-space: normal; orphans: 2; widows: 2; font-stretch: inherit; background-color: #ffffff; font-variant-ligatures: normal; font-variant-caps: normal; font-variant-numeric: inherit; font-variant-east-asian: inherit; -webkit-text-stroke-width: 0px; text-decoration-style: initial; text-decoration-color: initial;\">11. Datenschutzbestimmungen zu Einsatz und Verwendung von Google+<\/h4>\n<p>Der f\u00fcr die Ver\u00adar\u00adbeitung Ver\u00adant\u00adwortliche hat auf dieser Inter\u00adnet\u00adseite als Kom\u00adpo\u00adnente die Google+ Schalt\u00adfl\u00e4che inte\u00adgri\u00adert. Google+ ist ein soge\u00adnan\u00adntes soziales Net\u00adzw\u00aderk. Ein soziales Net\u00adzw\u00aderk ist ein im Inter\u00adnet betrieben\u00ader sozialer Tre\u00adff\u00adpunkt, eine Online-Gemein\u00adschaft, die es den Nutzern in der Regel erm\u00f6glicht, untere\u00adinan\u00adder zu kom\u00admu\u00adnizieren und im virtuellen Raum zu inter\u00adagieren. Ein soziales Net\u00adzw\u00aderk kann als Plat\u00adtform zum Aus\u00adtausch von Mei\u00adn\u00adun\u00adgen und Erfahrun\u00adgen dienen oder erm\u00f6glicht es der Inter\u00adnet\u00adge\u00admein\u00adschaft, per\u00ads\u00f6n\u00adliche oder unternehmens\u00adbe\u00adzo\u00adgene Infor\u00adma\u00adtio\u00adnen bere\u00aditzustellen. Google+ erm\u00f6glicht den Nutzern des sozialen Net\u00adzw\u00aderkes unter anderem die Erstel\u00adlung von pri\u00advat\u00aden Pro\u00adfilen, den Upload von Fotos und eine Ver\u00adnet\u00adzung \u00fcber Freundschaftsanfragen.<\/p>\n<p>Betreiberge\u00adsellschaft von Google+ ist die Google Inc., 1600 Amphithe\u00adatre Pkwy, Moun\u00adtain View, <span class=\"caps\">CA<\/span> 94043\u20131351, <span class=\"caps\">USA<\/span>.<\/p>\n<p>Durch jeden Aufruf ein\u00ader der Einzel\u00adseit\u00aden dieser Inter\u00adnet\u00adseite, die durch den f\u00fcr die Ver\u00adar\u00adbeitung Ver\u00adant\u00adwortlichen betrieben wird und auf welch\u00ader eine Google+ Schalt\u00adfl\u00e4che inte\u00adgri\u00adert wurde, wird der Inter\u00adnet\u00adbrows\u00ader auf dem infor\u00adma\u00adtion\u00adstech\u00adnol\u00ado\u00adgis\u00adchen Sys\u00adtem der betrof\u00adfe\u00adnen Per\u00adson automa\u00adtisch durch die jew\u00adeilige Google+ Schalt\u00adfl\u00e4che ver\u00adan\u00adlasst, eine Darstel\u00adlung der entsprechen\u00adden Google+ Schalt\u00adfl\u00e4che von Google herun\u00adterzu\u00adladen. Im Rah\u00admen dieses tech\u00adnis\u00adchen Ver\u00adfahrens erh\u00e4lt Google Ken\u00adnt\u00adnis dar\u00fcber, welche konkrete Unter\u00adseite unser\u00ader Inter\u00adnet\u00adseite durch die betrof\u00adfene Per\u00adson besucht wird. Genauere Infor\u00adma\u00adtio\u00adnen zu Google+ sind unter https:\/\/developers.google.com\/+\/ abrufbar.<\/p>\n<p>Sofern die betrof\u00adfene Per\u00adson gle\u00adichzeit\u00adig bei Google+ ein\u00adgel\u00adog\u00adgt ist, erken\u00adnt Google mit jedem Aufruf unser\u00ader Inter\u00adnet\u00adseite durch die betrof\u00adfene Per\u00adson und w\u00e4hrend der gesamten Dauer des jew\u00adeili\u00adgen Aufen\u00adthaltes auf unser\u00ader Inter\u00adnet\u00adseite, welche konkrete Unter\u00adseite unser\u00ader Inter\u00adnet\u00adseite die betrof\u00adfene Per\u00adson besucht. Diese Infor\u00adma\u00adtio\u00adnen wer\u00adden durch die Google+ Schalt\u00adfl\u00e4che gesam\u00admelt und durch Google dem jew\u00adeili\u00adgen Google+-Account der betrof\u00adfe\u00adnen Per\u00adson zugeordnet.<\/p>\n<p>Bet\u00e4tigt die betrof\u00adfene Per\u00adson einen der auf unser\u00ader Inter\u00adnet\u00adseite inte\u00adgri\u00aderten Google+-Buttons und gibt damit eine Google+1 Empfehlung ab, ord\u00adnet Google diese Infor\u00adma\u00adtion dem per\u00ads\u00f6n\u00adlichen Google+-Benutzerkonto der betrof\u00adfe\u00adnen Per\u00adson zu und spe\u00adichert diese per\u00adso\u00adn\u00aden\u00adbe\u00adzo\u00adge\u00adnen Dat\u00aden. Google spe\u00adichert die Google+1\u2011Empfehlung der betrof\u00adfe\u00adnen Per\u00adson und macht diese in \u00dcbere\u00adin\u00adstim\u00admung mit den von der betrof\u00adfe\u00adnen Per\u00adson dies\u00adbez\u00fcglich akzep\u00adtierten Bedin\u00adgun\u00adgen \u00f6ffentlich zug\u00e4nglich. Eine von der betrof\u00adfe\u00adnen Per\u00adson auf dieser Inter\u00adnet\u00adseite abgegebene Google+1\u2011Empfehlung wird in der Folge zusam\u00admen mit anderen per\u00adso\u00adn\u00aden\u00adbe\u00adzo\u00adge\u00adnen Dat\u00aden, wie dem Namen des von der betrof\u00adfe\u00adnen Per\u00adson genutzten Google+1\u2011Accounts und dem in diesem hin\u00adter\u00adlegten Foto in anderen Google-Dien\u00adsten, beispiel\u00adsweise den Such\u00admaschinen\u00adergeb\u00adnis\u00adsen der Google-Such\u00admas\u00adchine, dem Google-Kon\u00adto der betrof\u00adfe\u00adnen Per\u00adson oder an son\u00adsti\u00adgen Stellen, beispiel\u00adsweise auf Inter\u00adnet\u00adseit\u00aden oder im Zusam\u00admen\u00adhang mit Wer\u00adbeanzeigen, gespe\u00adichert und ver\u00adar\u00adbeit\u00adet. Fern\u00ader ist Google in der Lage, den Besuch auf dieser Inter\u00adnet\u00adseite mit anderen bei Google gespe\u00adicherten per\u00adso\u00adn\u00aden\u00adbe\u00adzo\u00adge\u00adnen Dat\u00aden zu verkn\u00fcpfen. Google zeich\u00adnet diese per\u00adso\u00adn\u00aden\u00adbe\u00adzo\u00adge\u00adnen Infor\u00adma\u00adtio\u00adnen fern\u00ader mit dem Zweck auf, die unter\u00adschiedlichen Dien\u00adste von Google zu verbessern oder zu optimieren.<\/p>\n<p>Google erh\u00e4lt \u00fcber die Google+-Schaltfl\u00e4che immer dann eine Infor\u00adma\u00adtion dar\u00fcber, dass die betrof\u00adfene Per\u00adson unsere Inter\u00adnet\u00adseite besucht hat, wenn die betrof\u00adfene Per\u00adson zum Zeit\u00adpunkt des Aufrufs unser\u00ader Inter\u00adnet\u00adseite gle\u00adichzeit\u00adig bei Google+ ein\u00adgel\u00adog\u00adgt ist; dies find\u00adet unab\u00adh\u00e4ngig davon statt, ob die betrof\u00adfene Per\u00adson die Google+-Schaltfl\u00e4che anklickt oder&nbsp;nicht.<\/p>\n<p>Ist eine \u00dcber\u00admit\u00adtlung per\u00adso\u00adn\u00aden\u00adbe\u00adzo\u00adgen\u00ader Dat\u00aden an Google von der betrof\u00adfe\u00adnen Per\u00adson nicht gewollt, kann diese eine solche \u00dcber\u00admit\u00adtlung dadurch ver\u00adhin\u00addern, dass sie sich vor einem Aufruf unser\u00ader Inter\u00adnet\u00adseite aus ihrem Google+-Account ausloggt.<\/p>\n<p>Weit\u00adere Infor\u00adma\u00adtio\u00adnen und die gel\u00adtenden Daten\u00adschutzbes\u00adtim\u00admungen von Google k\u00f6n\u00adnen unter https:\/\/www.google.de\/intl\/de\/policies\/privacy\/ abgerufen wer\u00adden. Weit\u00adere Hin\u00adweise von Google zur Google+1\u2011Schaltfl\u00e4che k\u00f6n\u00adnen unter https:\/\/developers.google.com\/+\/web\/buttons-policy abgerufen werden.<\/p>\n<h4 style=\"margin: 0px 0px 20px; padding: 0px; border: 0px currentColor; color: #333333; text-transform: none; line-height: 1.4; text-indent: 0px; letter-spacing: normal; font-family: -apple-system, BlinkMacSystemFont, 'Segoe UI', Roboto, 'Helvetica Neue', Arial, sans-serif; font-size: 16px; font-style: normal; font-weight: 400; word-spacing: 0px; vertical-align: baseline; white-space: normal; orphans: 2; widows: 2; font-stretch: inherit; background-color: #ffffff; font-variant-ligatures: normal; font-variant-caps: normal; font-variant-numeric: inherit; font-variant-east-asian: inherit; -webkit-text-stroke-width: 0px; text-decoration-style: initial; text-decoration-color: initial;\">12. Rechtsgrundlage der Verarbeitung<\/h4>\n<p>Art. 6 I lit. a <span class=\"caps\">DS-GVO<\/span> dient unserem Unternehmen als Rechts\u00adgrund\u00adlage f\u00fcr Ver\u00adar\u00adbeitungsvorg\u00e4nge, bei denen wir eine Ein\u00adwilli\u00adgung f\u00fcr einen bes\u00adtimmten Ver\u00adar\u00adbeitungszweck ein\u00adholen. Ist die Ver\u00adar\u00adbeitung per\u00adso\u00adn\u00aden\u00adbe\u00adzo\u00adgen\u00ader Dat\u00aden zur Erf\u00fcl\u00adlung eines Ver\u00adtrags, dessen Ver\u00adtragspartei die betrof\u00adfene Per\u00adson ist, erforder\u00adlich, wie dies beispiel\u00adsweise bei Ver\u00adar\u00adbeitungsvorg\u00e4n\u00adgen der Fall ist, die f\u00fcr eine Liefer\u00adung von Waren oder die Erbringung ein\u00ader son\u00adsti\u00adgen Leis\u00adtung oder Gegen\u00adleis\u00adtung notwendig sind, so beruht die Ver\u00adar\u00adbeitung auf Art. 6 I lit. b <span class=\"caps\">DS-GVO<\/span>. Gle\u00adich\u00ades gilt f\u00fcr solche Ver\u00adar\u00adbeitungsvorg\u00e4nge die zur Durch\u00adf\u00fchrung vorver\u00adtraglich\u00ader Ma\u00df\u00adnah\u00admen erforder\u00adlich sind, etwa in F\u00e4llen von Anfra\u00adgen zur unseren Pro\u00adduk\u00adten oder Leis\u00adtun\u00adgen. Unter\u00adliegt unser Unternehmen ein\u00ader rechtlichen Verpflich\u00adtung durch welche eine Ver\u00adar\u00adbeitung von per\u00adso\u00adn\u00aden\u00adbe\u00adzo\u00adge\u00adnen Dat\u00aden erforder\u00adlich wird, wie beispiel\u00adsweise zur Erf\u00fcl\u00adlung steuer\u00adlich\u00ader Pflicht\u00aden, so basiert die Ver\u00adar\u00adbeitung auf Art. 6 I lit. c <span class=\"caps\">DS-GVO<\/span>. In sel\u00adte\u00adnen F\u00e4llen k\u00f6n\u00adnte die Ver\u00adar\u00adbeitung von per\u00adso\u00adn\u00aden\u00adbe\u00adzo\u00adge\u00adnen Dat\u00aden erforder\u00adlich wer\u00adden, um lebenswichtige Inter\u00adessen der betrof\u00adfe\u00adnen Per\u00adson oder ein\u00ader anderen nat\u00fcr\u00adlichen Per\u00adson zu sch\u00fctzen. Dies w\u00e4re beispiel\u00adsweise der Fall, wenn ein Besuch\u00ader in unserem Betrieb ver\u00adlet\u00adzt wer\u00adden w\u00fcrde und daraufhin sein Name, sein Alter, seine Krankenkassendat\u00aden oder son\u00adstige lebenswichtige Infor\u00adma\u00adtio\u00adnen an einen Arzt, ein Kranken\u00adhaus oder son\u00adstige Dritte weit\u00adergegeben wer\u00adden m\u00fcssten. Dann w\u00fcrde die Ver\u00adar\u00adbeitung auf Art. 6 I lit. d <span class=\"caps\">DS-GVO<\/span> beruhen. Let\u00adztlich k\u00f6n\u00adnten Ver\u00adar\u00adbeitungsvorg\u00e4nge auf Art. 6 I lit. f <span class=\"caps\">DS-GVO<\/span> beruhen. Auf dieser Rechts\u00adgrund\u00adlage basieren Ver\u00adar\u00adbeitungsvorg\u00e4nge, die von kein\u00ader der vor\u00adge\u00adnan\u00adnten Rechts\u00adgrund\u00adla\u00adgen erfasst wer\u00adden, wenn die Ver\u00adar\u00adbeitung zur Wahrung eines berechtigten Inter\u00adess\u00ades unseres Unternehmens oder eines Drit\u00adten erforder\u00adlich ist, sofern die Inter\u00adessen, Grun\u00addrechte und Grund\u00adfrei\u00adheit\u00aden des Betrof\u00adfe\u00adnen nicht \u00fcber\u00adwiegen. Solche Ver\u00adar\u00adbeitungsvorg\u00e4nge sind uns ins\u00adbeson\u00addere deshalb ges\u00adtat\u00adtet, weil sie durch den Europ\u00e4is\u00adchen Geset\u00adzge\u00adber beson\u00adders erw\u00e4h\u00adnt wur\u00adden. Er ver\u00adtrat insoweit die Auf\u00adfas\u00adsung, dass ein berechtigtes Inter\u00adesse anzunehmen sein k\u00f6n\u00adnte, wenn die betrof\u00adfene Per\u00adson ein Kunde des Ver\u00adant\u00adwortlichen ist (Erw\u00e4\u00adgungs\u00adgrund 47 Satz 2 <span class=\"caps\">DS-GVO<\/span>).<\/p>\n<h4 style=\"margin: 0px 0px 20px; padding: 0px; border: 0px currentColor; color: #333333; text-transform: none; line-height: 1.4; text-indent: 0px; letter-spacing: normal; font-family: -apple-system, BlinkMacSystemFont, 'Segoe UI', Roboto, 'Helvetica Neue', Arial, sans-serif; font-size: 16px; font-style: normal; font-weight: 400; word-spacing: 0px; vertical-align: baseline; white-space: normal; orphans: 2; widows: 2; font-stretch: inherit; background-color: #ffffff; font-variant-ligatures: normal; font-variant-caps: normal; font-variant-numeric: inherit; font-variant-east-asian: inherit; -webkit-text-stroke-width: 0px; text-decoration-style: initial; text-decoration-color: initial;\">13. Berechtigte Interessen an der Verarbeitung, die von dem Verantwortlichen oder einem Dritten verfolgt werden<\/h4>\n<p>Basiert die Ver\u00adar\u00adbeitung per\u00adso\u00adn\u00aden\u00adbe\u00adzo\u00adgen\u00ader Dat\u00aden auf Artikel 6 I lit. f <span class=\"caps\">DS-GVO<\/span> ist unser berechtigtes Inter\u00adesse die Durch\u00adf\u00fchrung unser\u00ader Gesch\u00e4ft\u00adst\u00e4tigkeit zugun\u00adsten des Woh\u00adlerge\u00adhens all unser\u00ader Mitar\u00adbeit\u00ader und unser\u00ader Anteilseigner.<\/p>\n<h4 style=\"margin: 0px 0px 20px; padding: 0px; border: 0px currentColor; color: #333333; text-transform: none; line-height: 1.4; text-indent: 0px; letter-spacing: normal; font-family: -apple-system, BlinkMacSystemFont, 'Segoe UI', Roboto, 'Helvetica Neue', Arial, sans-serif; font-size: 16px; font-style: normal; font-weight: 400; word-spacing: 0px; vertical-align: baseline; white-space: normal; orphans: 2; widows: 2; font-stretch: inherit; background-color: #ffffff; font-variant-ligatures: normal; font-variant-caps: normal; font-variant-numeric: inherit; font-variant-east-asian: inherit; -webkit-text-stroke-width: 0px; text-decoration-style: initial; text-decoration-color: initial;\">14. Dauer, f\u00fcr die die personenbezogenen Daten gespeichert werden<\/h4>\n<p>Das Kri\u00adteri\u00adum f\u00fcr die Dauer der Spe\u00adicherung von per\u00adso\u00adn\u00aden\u00adbe\u00adzo\u00adge\u00adnen Dat\u00aden ist die jew\u00adeilige geset\u00adzliche Auf\u00adbe\u00adwahrungs\u00adfrist. Nach Ablauf der Frist wer\u00adden die entsprechen\u00adden Dat\u00aden rou\u00adtinem\u00e4\u00dfig gel\u00f6scht, sofern sie nicht mehr zur Ver\u00adtragser\u00adf\u00fcl\u00adlung oder Ver\u00adtragsan\u00adbah\u00adnung erforder\u00adlich&nbsp;sind.<\/p>\n<h4 style=\"margin: 0px 0px 20px; padding: 0px; border: 0px currentColor; color: #333333; text-transform: none; line-height: 1.4; text-indent: 0px; letter-spacing: normal; font-family: -apple-system, BlinkMacSystemFont, 'Segoe UI', Roboto, 'Helvetica Neue', Arial, sans-serif; font-size: 16px; font-style: normal; font-weight: 400; word-spacing: 0px; vertical-align: baseline; white-space: normal; orphans: 2; widows: 2; font-stretch: inherit; background-color: #ffffff; font-variant-ligatures: normal; font-variant-caps: normal; font-variant-numeric: inherit; font-variant-east-asian: inherit; -webkit-text-stroke-width: 0px; text-decoration-style: initial; text-decoration-color: initial;\">15. Gesetzliche oder vertragliche Vorschriften zur Bereitstellung der personenbezogenen Daten; Erforderlichkeit f\u00fcr den Vertragsabschluss; Verpflichtung der betroffenen Person, die personenbezogenen Daten bereitzustellen; m\u00f6gliche Folgen der Nichtbereitstellung<\/h4>\n<p>Wir kl\u00e4ren Sie dar\u00fcber auf, dass die Bere\u00adit\u00adstel\u00adlung per\u00adso\u00adn\u00aden\u00adbe\u00adzo\u00adgen\u00ader Dat\u00aden zum Teil geset\u00adzlich vorgeschrieben ist (z.B. Steuer\u00advorschriften) oder sich auch aus ver\u00adtraglichen Regelun\u00adgen (z.B. Angaben zum Ver\u00adtragspart\u00adner) ergeben kann. Mitunter kann es zu einem Ver\u00adtragss\u00adchluss erforder\u00adlich sein, dass eine betrof\u00adfene Per\u00adson uns per\u00adso\u00adn\u00aden\u00adbe\u00adzo\u00adgene Dat\u00aden zur Ver\u00adf\u00fc\u00adgung stellt, die in der Folge durch uns ver\u00adar\u00adbeit\u00adet wer\u00adden m\u00fcssen. Die betrof\u00adfene Per\u00adson ist beispiel\u00adsweise verpflichtet uns per\u00adso\u00adn\u00aden\u00adbe\u00adzo\u00adgene Dat\u00aden bere\u00aditzustellen, wenn unser Unternehmen mit ihr einen Ver\u00adtrag abschlie\u00dft. Eine Nicht\u00adbere\u00adit\u00adstel\u00adlung der per\u00adso\u00adn\u00aden\u00adbe\u00adzo\u00adge\u00adnen Dat\u00aden h\u00e4tte zur Folge, dass der Ver\u00adtrag mit dem Betrof\u00adfe\u00adnen nicht geschlossen wer\u00adden k\u00f6n\u00adnte. Vor ein\u00ader Bere\u00adit\u00adstel\u00adlung per\u00adso\u00adn\u00aden\u00adbe\u00adzo\u00adgen\u00ader Dat\u00aden durch den Betrof\u00adfe\u00adnen muss sich der Betrof\u00adfene an einen unser\u00ader Mitar\u00adbeit\u00ader wen\u00adden. Unser Mitar\u00adbeit\u00ader kl\u00e4rt den Betrof\u00adfe\u00adnen einzelfall\u00adbe\u00adzo\u00adgen dar\u00fcber auf, ob die Bere\u00adit\u00adstel\u00adlung der per\u00adso\u00adn\u00aden\u00adbe\u00adzo\u00adge\u00adnen Dat\u00aden geset\u00adzlich oder ver\u00adtraglich vorgeschrieben oder f\u00fcr den Ver\u00adtragsab\u00adschluss erforder\u00adlich ist, ob eine Verpflich\u00adtung beste\u00adht, die per\u00adso\u00adn\u00aden\u00adbe\u00adzo\u00adge\u00adnen Dat\u00aden bere\u00aditzustellen, und welche Fol\u00adgen die Nicht\u00adbere\u00adit\u00adstel\u00adlung der per\u00adso\u00adn\u00aden\u00adbe\u00adzo\u00adge\u00adnen Dat\u00aden&nbsp;h\u00e4tte.<\/p>\n<h4 style=\"margin: 0px 0px 20px; padding: 0px; border: 0px currentColor; color: #333333; text-transform: none; line-height: 1.4; text-indent: 0px; letter-spacing: normal; font-family: -apple-system, BlinkMacSystemFont, 'Segoe UI', Roboto, 'Helvetica Neue', Arial, sans-serif; font-size: 16px; font-style: normal; font-weight: 400; word-spacing: 0px; vertical-align: baseline; white-space: normal; orphans: 2; widows: 2; font-stretch: inherit; background-color: #ffffff; font-variant-ligatures: normal; font-variant-caps: normal; font-variant-numeric: inherit; font-variant-east-asian: inherit; -webkit-text-stroke-width: 0px; text-decoration-style: initial; text-decoration-color: initial;\">16. Bestehen einer automatisierten Entscheidungsfindung<\/h4>\n<p>Als ver\u00adant\u00adwor\u00adtungs\u00adbe\u00adwusstes Unternehmen verzicht\u00aden wir auf eine automa\u00adtis\u00adche Entschei\u00addungs\u00adfind\u00adung oder ein Profiling.<\/p>\n<p>Diese Daten\u00adschutzerk\u00adl\u00e4rung wurde durch den Daten\u00adschutzerk\u00adl\u00e4rungs-Gen\u00ader\u00ada\u00adtor der <span class=\"caps\">DGD<\/span> Deutsche Gesellschaft f\u00fcr Daten\u00adschutz GmbH, die<span style=\"color: #777777; font-family: Arial;\">&nbsp;<\/span><a href=\"https:\/\/dg-datenschutz.de\/datenschutz-dienstleistungen\/datenschutz-audit\/\">Daten\u00adschutza\u00adu\u00addits<\/a>durch\u00adf\u00fchrt, in Koop\u00ader\u00ada\u00adtion mit der<span style=\"color: #777777; font-family: Arial;\">&nbsp;<\/span><a href=\"https:\/\/www.wbs-law.de\/taetigkeitsgebiete\/medienrecht\/\">Medi\u00aden\u00adrecht\u00adskan\u00adzlei <span class=\"caps\">WILDE<\/span> <span class=\"caps\">BEUGER<\/span> <span class=\"caps\">SOLMECKE<\/span><\/a><span style=\"color: #777777; font-family: Arial;\">&nbsp;<\/span>erstellt.<\/p>\n","protected":false},"excerpt":{"rendered":"<p>Daten\u00adschutzerk\u00adl\u00e4rung Wir freuen uns sehr \u00fcber Ihr Inter\u00adesse an unserem Unternehmen. Daten\u00adschutz hat einen beson\u00adders hohen Stel\u00adlen\u00adwert f\u00fcr die Gesch\u00e4ft\u00adsleitung der Fam\u00adi\u00adlie Lisa und Valentin Kecht. Eine Nutzung der Inter\u00adnet\u00adseit\u00aden der Fam\u00adi\u00adlie Lisa und Valentin Kecht ist grund\u00ads\u00e4t\u00adzlich ohne jede \u2026 <a href=\"https:\/\/www.matheishof-ruhpolding.de\/index.php\/datenschutz\/\">Weit\u00ader\u00adlesen <span class=\"meta-nav\">\u2192<\/span><\/a><\/p>\n","protected":false},"author":1,"featured_media":0,"parent":0,"menu_order":0,"comment_status":"closed","ping_status":"closed","template":"","meta":{"wp_typography_post_enhancements_disabled":false},"_links":{"self":[{"href":"https:\/\/www.matheishof-ruhpolding.de\/index.php\/wp-json\/wp\/v2\/pages\/302"}],"collection":[{"href":"https:\/\/www.matheishof-ruhpolding.de\/index.php\/wp-json\/wp\/v2\/pages"}],"about":[{"href":"https:\/\/www.matheishof-ruhpolding.de\/index.php\/wp-json\/wp\/v2\/types\/page"}],"author":[{"embeddable":true,"href":"https:\/\/www.matheishof-ruhpolding.de\/index.php\/wp-json\/wp\/v2\/users\/1"}],"replies":[{"embeddable":true,"href":"https:\/\/www.matheishof-ruhpolding.de\/index.php\/wp-json\/wp\/v2\/comments?post=302"}],"version-history":[{"count":1,"href":"https:\/\/www.matheishof-ruhpolding.de\/index.php\/wp-json\/wp\/v2\/pages\/302\/revisions"}],"predecessor-version":[{"id":303,"href":"https:\/\/www.matheishof-ruhpolding.de\/index.php\/wp-json\/wp\/v2\/pages\/302\/revisions\/303"}],"wp:attachment":[{"href":"https:\/\/www.matheishof-ruhpolding.de\/index.php\/wp-json\/wp\/v2\/media?parent=302"}],"curies":[{"name":"wp","href":"https:\/\/api.w.org\/{rel}","templated":true}]}}